{"id":7757,"date":"2025-12-19T06:33:57","date_gmt":"2025-12-19T06:33:57","guid":{"rendered":"https:\/\/instajuridic.com\/portfolio-items\/pla-de-sostenibilitat-del-front-mostra-internacional-de-cinema-de-conflicte-i-pau\/"},"modified":"2025-12-19T06:34:01","modified_gmt":"2025-12-19T06:34:01","slug":"pla-de-sostenibilitat-del-front-mostra-internacional-de-cinema-de-conflicte-i-pau","status":"publish","type":"avada_portfolio","link":"https:\/\/instajuridic.com\/es\/portfolio-items\/pla-de-sostenibilitat-del-front-mostra-internacional-de-cinema-de-conflicte-i-pau\/","title":{"rendered":"Plan de sostenibilidad del Frente &#8211; Muestra internacional de cine de conflicto y paz"},"content":{"rendered":"<p>Insta ha participado en la redacci\u00f3n del Plan de Sostenibilidad del FRONT &#8211; Muestra Internacional de Cine de Conflicto y Paz.<\/p>\n<p>Este plan constituye una hoja de ruta para iniciar y consolidar el compromiso ambiental y con la sostenibilidad del festival. Define los objetivos, las acciones a desarrollar por parte de la organizaci\u00f3n y los indicadores necesarios para su seguimiento y evaluaci\u00f3n. <\/p>\n<p>La redacci\u00f3n del Plan se ha enmarcado en la subvenci\u00f3n para la realizaci\u00f3n de consultor\u00edas para empresas y entidades culturales del Departamento de Cultura y del Instituto Catal\u00e1n de Empresas Culturales (ICEC).<\/p>\n<p>Las acciones propuestas se estructuran en torno a diversos objetivos, como la integraci\u00f3n de la sostenibilidad en el evento, el incremento de actuaciones sostenibles, la reducci\u00f3n de los impactos ambientales, la incorporaci\u00f3n de buenas pr\u00e1cticas ambientales, la divulgaci\u00f3n, la accesibilidad y la inclusi\u00f3n social, as\u00ed como la generaci\u00f3n de impactos ambientales, econ\u00f3micos, sociales y culturales positivos.<\/p>\n","protected":false},"excerpt":{"rendered":"<p>Insta ha participado en la redacci\u00f3n del Plan de Sostenibilidad del FRONT &#8211; Muestra Internacional de Cine de Conflicto y Paz. Este plan constituye una hoja de ruta para iniciar y consolidar el compromiso ambiental y con la sostenibilidad del festival. Define los objetivos, las acciones a desarrollar por parte de la organizaci\u00f3n y los  [&#8230;]<\/p>\n","protected":false},"author":2,"featured_media":7758,"menu_order":0,"comment_status":"closed","ping_status":"closed","template":"","format":"standard","meta":{"_acf_changed":false,"footnotes":""},"portfolio_category":[157,160],"portfolio_skills":[],"portfolio_tags":[],"class_list":["post-7757","avada_portfolio","type-avada_portfolio","status-publish","format-standard","has-post-thumbnail","hentry","portfolio_category-destacado","portfolio_category-estudios-ambientales-y-territoriales"],"acf":[],"_links":{"self":[{"href":"https:\/\/instajuridic.com\/es\/wp-json\/wp\/v2\/avada_portfolio\/7757","targetHints":{"allow":["GET"]}}],"collection":[{"href":"https:\/\/instajuridic.com\/es\/wp-json\/wp\/v2\/avada_portfolio"}],"about":[{"href":"https:\/\/instajuridic.com\/es\/wp-json\/wp\/v2\/types\/avada_portfolio"}],"author":[{"embeddable":true,"href":"https:\/\/instajuridic.com\/es\/wp-json\/wp\/v2\/users\/2"}],"replies":[{"embeddable":true,"href":"https:\/\/instajuridic.com\/es\/wp-json\/wp\/v2\/comments?post=7757"}],"version-history":[{"count":1,"href":"https:\/\/instajuridic.com\/es\/wp-json\/wp\/v2\/avada_portfolio\/7757\/revisions"}],"predecessor-version":[{"id":7761,"href":"https:\/\/instajuridic.com\/es\/wp-json\/wp\/v2\/avada_portfolio\/7757\/revisions\/7761"}],"wp:featuredmedia":[{"embeddable":true,"href":"https:\/\/instajuridic.com\/es\/wp-json\/wp\/v2\/media\/7758"}],"wp:attachment":[{"href":"https:\/\/instajuridic.com\/es\/wp-json\/wp\/v2\/media?parent=7757"}],"wp:term":[{"taxonomy":"portfolio_category","embeddable":true,"href":"https:\/\/instajuridic.com\/es\/wp-json\/wp\/v2\/portfolio_category?post=7757"},{"taxonomy":"portfolio_skills","embeddable":true,"href":"https:\/\/instajuridic.com\/es\/wp-json\/wp\/v2\/portfolio_skills?post=7757"},{"taxonomy":"portfolio_tags","embeddable":true,"href":"https:\/\/instajuridic.com\/es\/wp-json\/wp\/v2\/portfolio_tags?post=7757"}],"curies":[{"name":"wp","href":"https:\/\/api.w.org\/{rel}","templated":true}]}}