{"id":7058,"date":"2025-10-07T12:51:03","date_gmt":"2025-10-07T12:51:03","guid":{"rendered":"https:\/\/instajuridic.com\/portfolio-items\/projecte-comunes-comunitats-energetiques-solidaries\/"},"modified":"2025-12-01T13:31:18","modified_gmt":"2025-12-01T13:31:18","slug":"projecte-comunes-comunitats-energetiques-solidaries","status":"publish","type":"avada_portfolio","link":"https:\/\/instajuridic.com\/fr\/portfolio-items\/projecte-comunes-comunitats-energetiques-solidaries\/","title":{"rendered":"Projet COMUNES &#8211; \u00c9nergie Solidaire COMMUNAUT\u00c9S"},"content":{"rendered":"<p><div class=\"fusion-fullwidth fullwidth-box fusion-builder-row-1 fusion-flex-container has-pattern-background has-mask-background nonhundred-percent-fullwidth non-hundred-percent-height-scrolling\" style=\"--awb-border-radius-top-left:0px;--awb-border-radius-top-right:0px;--awb-border-radius-bottom-right:0px;--awb-border-radius-bottom-left:0px;--awb-flex-wrap:wrap;\" ><div class=\"fusion-builder-row fusion-row fusion-flex-align-items-flex-start fusion-flex-content-wrap\" style=\"max-width:1216.8px;margin-left: calc(-4% \/ 2 );margin-right: calc(-4% \/ 2 );\"><div class=\"fusion-layout-column fusion_builder_column fusion-builder-column-0 fusion_builder_column_1_1 1_1 fusion-flex-column\" style=\"--awb-bg-size:cover;--awb-width-large:100%;--awb-margin-top-large:0px;--awb-spacing-right-large:1.92%;--awb-margin-bottom-large:20px;--awb-spacing-left-large:1.92%;--awb-width-medium:100%;--awb-order-medium:0;--awb-spacing-right-medium:1.92%;--awb-spacing-left-medium:1.92%;--awb-width-small:100%;--awb-order-small:0;--awb-spacing-right-small:1.92%;--awb-spacing-left-small:1.92%;\"><div class=\"fusion-column-wrapper fusion-column-has-shadow fusion-flex-justify-content-flex-start fusion-content-layout-column\"><div class=\"awb-gallery-wrapper awb-gallery-wrapper-1 button-span-no\" style=\"--more-btn-alignment:center;\"><div style=\"margin:-5px;--awb-bordersize:0px;\" class=\"fusion-gallery fusion-gallery-container fusion-grid-3 fusion-columns-total-1 fusion-gallery-layout-grid fusion-gallery-1\"><div style=\"padding:5px;\" class=\"fusion-grid-column fusion-gallery-column fusion-gallery-column-3 hover-type-none\"><div class=\"fusion-gallery-image\"><a href=\"https:\/\/instajuridic.com\/wp-content\/uploads\/2025\/10\/Logo-COMUNES-e1759841189792.png\" rel=\"noreferrer\" data-rel=\"iLightbox[gallery_image_1]\" class=\"fusion-lightbox\" target=\"_self\"><img decoding=\"async\" src=\"https:\/\/instajuridic.com\/wp-content\/uploads\/2025\/10\/Logo-COMUNES-e1759841189792.png\" width=\"500\" height=\"500\" alt=\"\" title=\"Logo des municipalit\u00e9s\" aria-label=\"Logo des municipalit\u00e9s\" class=\"img-responsive wp-image-7043\"  \/><\/a><\/div><\/div><\/div><\/div><div class=\"fusion-text fusion-text-1\"><p>Le projet <strong>COMUNES<\/strong> est n\u00e9 dans le but de promouvoir un mod\u00e8le de <strong>Communaut\u00e9s \u00c9nergie Solidaires (CES)<\/strong> en Espagne, int\u00e9grant activement les personnes, en particulier celles en situation de vuln\u00e9rabilit\u00e9 et d&rsquo;exclusion, pour r\u00e9duire la pr\u00e9carit\u00e9 \u00e9nerg\u00e9tique et promouvoir une transition \u00e9nerg\u00e9tique plus <strong>juste, inclusive et d\u00e9mocratique<\/strong> .<\/p>\n<p>Les communaut\u00e9s \u00e9nerg\u00e9tiques se d\u00e9veloppent actuellement en Espagne et en Europe, constituant un outil essentiel pour \u00e9voluer vers un syst\u00e8me renouvelable, d\u00e9centralis\u00e9 et participatif. Cependant, la plupart d&rsquo;entre elles n&rsquo;incluent pas les groupes vuln\u00e9rables, souvent exclus des d\u00e9cisions \u00e9nerg\u00e9tiques. Les donn\u00e9es montrent que les initiatives existantes sont g\u00e9n\u00e9ralement compos\u00e9es d&rsquo;hommes issus de la classe moyenne et dipl\u00f4m\u00e9s de l&rsquo;enseignement sup\u00e9rieur, tandis que les femmes, les jeunes, les migrants et les personnes en situation de pr\u00e9carit\u00e9 \u00e9nerg\u00e9tique restent peu repr\u00e9sent\u00e9s.  <\/p>\n<p>COMUNES est n\u00e9 avec la conviction que la transition \u00e9nerg\u00e9tique ne sera juste que si <strong>toutes les personnes peuvent y participer de mani\u00e8re significative<\/strong> , en particulier celles qui souffrent le plus de l&rsquo;exclusion et de l&rsquo;injustice.<\/p>\n<p>Pour cette raison, le projet se concentre sur trois r\u00e9gions aux profils tr\u00e8s diff\u00e9rents : <strong>la Catalogne<\/strong> , avec une forte tradition coop\u00e9rative et de nombreuses communaut\u00e9s \u00e9nerg\u00e9tiques ; et <strong>l&rsquo;Estr\u00e9madure<\/strong> et <strong>la Galice<\/strong> , des territoires plus ruraux o\u00f9 les communaut\u00e9s \u00e9nerg\u00e9tiques commencent \u00e0 peine \u00e0 se d\u00e9velopper, avec des r\u00e9alit\u00e9s socio-\u00e9conomiques et climatiques diverses.<\/p>\n<p>L\u2019objectif central de COMUNES est d\u2019int\u00e9grer une dimension de <strong>justice sociale<\/strong> dans les communaut\u00e9s \u00e9nerg\u00e9tiques, en facilitant l\u2019int\u00e9gration de tous les groupes sociaux, en g\u00e9n\u00e9rant des b\u00e9n\u00e9fices partag\u00e9s et en renfor\u00e7ant la coh\u00e9sion territoriale et communautaire.<\/p>\n<p>Les actions de COMUNES comprennent des activit\u00e9s de communication, de sensibilisation et d&rsquo;autonomisation sociale, ainsi que des propositions visant \u00e0 promouvoir des changements r\u00e9glementaires et politiques favorisant l&rsquo;extension du CES en Espagne et au-del\u00e0.<\/p>\n<p>L\u2019impact attendu est multiple : faire conna\u00eetre davantage ce mod\u00e8le innovant, multiplier les opportunit\u00e9s de d\u00e9veloppement de communaut\u00e9s \u00e9nerg\u00e9tiques avec une approche solidaire et contribuer \u00e0 une transition \u00e9nerg\u00e9tique qui place l\u2019\u00e9quit\u00e9, l\u2019inclusion et la solidarit\u00e9 au centre.<\/p>\n<\/div><\/div><\/div><\/div><\/div><div class=\"fusion-fullwidth fullwidth-box fusion-builder-row-2 fusion-flex-container has-pattern-background has-mask-background nonhundred-percent-fullwidth non-hundred-percent-height-scrolling\" style=\"--awb-border-radius-top-left:0px;--awb-border-radius-top-right:0px;--awb-border-radius-bottom-right:0px;--awb-border-radius-bottom-left:0px;--awb-flex-wrap:wrap;\" ><div class=\"fusion-builder-row fusion-row fusion-flex-align-items-flex-start fusion-flex-content-wrap\" style=\"max-width:1216.8px;margin-left: calc(-4% \/ 2 );margin-right: calc(-4% \/ 2 );\"><div class=\"fusion-layout-column fusion_builder_column fusion-builder-column-1 fusion_builder_column_1_2 1_2 fusion-flex-column\" style=\"--awb-bg-size:cover;--awb-width-large:50%;--awb-margin-top-large:0px;--awb-spacing-right-large:3.84%;--awb-margin-bottom-large:20px;--awb-spacing-left-large:3.84%;--awb-width-medium:100%;--awb-order-medium:0;--awb-spacing-right-medium:1.92%;--awb-spacing-left-medium:1.92%;--awb-width-small:100%;--awb-order-small:0;--awb-spacing-right-small:1.92%;--awb-spacing-left-small:1.92%;\"><div class=\"fusion-column-wrapper fusion-column-has-shadow fusion-flex-justify-content-flex-start fusion-content-layout-column\"><div class=\"fusion-title title fusion-title-1 fusion-title-text fusion-title-size-two\"><div class=\"title-sep-container title-sep-container-left fusion-no-large-visibility fusion-no-medium-visibility fusion-no-small-visibility\"><div class=\"title-sep sep- sep-solid\" style=\"border-color:#e0dede;\"><\/div><\/div><span class=\"awb-title-spacer fusion-no-large-visibility fusion-no-medium-visibility fusion-no-small-visibility\"><\/span><h2 class=\"fusion-title-heading title-heading-left\" style=\"margin:0;\">Documents<\/h2><span class=\"awb-title-spacer\"><\/span><div class=\"title-sep-container title-sep-container-right\"><div class=\"title-sep sep- sep-solid\" style=\"border-color:#e0dede;\"><\/div><\/div><\/div><div class=\"fusion-separator fusion-full-width-sep\" style=\"align-self: center;margin-left: auto;margin-right: auto;width:100%;\"><div class=\"fusion-separator-border sep-double\" style=\"--awb-height:20px;--awb-amount:20px;border-color:#e0dede;border-top-width:1px;border-bottom-width:1px;\"><\/div><\/div><div class=\"fusion-image-element \" style=\"text-align:center;--awb-caption-title-font-family:var(--h2_typography-font-family);--awb-caption-title-font-weight:var(--h2_typography-font-weight);--awb-caption-title-font-style:var(--h2_typography-font-style);--awb-caption-title-size:var(--h2_typography-font-size);--awb-caption-title-transform:var(--h2_typography-text-transform);--awb-caption-title-line-height:var(--h2_typography-line-height);--awb-caption-title-letter-spacing:var(--h2_typography-letter-spacing);\"><span class=\" fusion-imageframe imageframe-none imageframe-1 hover-type-none\"><a class=\"fusion-no-lightbox\" href=\"https:\/\/instajuridic.com\/wp-content\/uploads\/2025\/10\/Relatori_COMUNES_EX_WEB.pdf\" target=\"_self\" aria-label=\"Rapporteur_COMUNES_EX_WEB\"><img decoding=\"async\" width=\"212\" height=\"300\" src=\"https:\/\/instajuridic.com\/wp-content\/uploads\/2025\/10\/Relatori_COMUNES_EX_WEB-212x300.jpg\" alt class=\"img-responsive wp-image-7339\" srcset=\"https:\/\/instajuridic.com\/wp-content\/uploads\/2025\/10\/Relatori_COMUNES_EX_WEB-200x284.jpg 200w, https:\/\/instajuridic.com\/wp-content\/uploads\/2025\/10\/Relatori_COMUNES_EX_WEB-400x567.jpg 400w, https:\/\/instajuridic.com\/wp-content\/uploads\/2025\/10\/Relatori_COMUNES_EX_WEB.jpg 594w\" sizes=\"(max-width: 1024px) 100vw, (max-width: 850px) 100vw, 212px\" \/><\/a><\/span><\/div><div class=\"fusion-text fusion-text-2\"><p style=\"text-align: center;\">Rapport de la r\u00e9union d&rsquo;Extremadura<\/p>\n<\/div><div class=\"fusion-separator fusion-full-width-sep\" style=\"align-self: center;margin-left: auto;margin-right: auto;width:100%;\"><div class=\"fusion-separator-border sep-double\" style=\"--awb-height:20px;--awb-amount:20px;border-color:#e0dede;border-top-width:1px;border-bottom-width:1px;\"><\/div><\/div><div class=\"fusion-image-element \" style=\"text-align:center;--awb-caption-title-font-family:var(--h2_typography-font-family);--awb-caption-title-font-weight:var(--h2_typography-font-weight);--awb-caption-title-font-style:var(--h2_typography-font-style);--awb-caption-title-size:var(--h2_typography-font-size);--awb-caption-title-transform:var(--h2_typography-text-transform);--awb-caption-title-line-height:var(--h2_typography-line-height);--awb-caption-title-letter-spacing:var(--h2_typography-letter-spacing);\"><span class=\" fusion-imageframe imageframe-none imageframe-2 hover-type-none\"><a class=\"fusion-no-lightbox\" href=\"https:\/\/instajuridic.com\/wp-content\/uploads\/2025\/10\/Relatoria_COMUNES_GAL_WEB.pdf\" target=\"_self\" aria-label=\"Rapports_GAL_COMMUNITIES\"><img decoding=\"async\" width=\"212\" height=\"300\" src=\"https:\/\/instajuridic.com\/wp-content\/uploads\/2025\/10\/Relatoria_COMUNES_GAL-212x300.jpg\" alt class=\"img-responsive wp-image-7340\" srcset=\"https:\/\/instajuridic.com\/wp-content\/uploads\/2025\/10\/Relatoria_COMUNES_GAL-200x284.jpg 200w, https:\/\/instajuridic.com\/wp-content\/uploads\/2025\/10\/Relatoria_COMUNES_GAL-400x567.jpg 400w, https:\/\/instajuridic.com\/wp-content\/uploads\/2025\/10\/Relatoria_COMUNES_GAL.jpg 594w\" sizes=\"(max-width: 1024px) 100vw, (max-width: 850px) 100vw, 212px\" \/><\/a><\/span><\/div><div class=\"fusion-text fusion-text-3\"><p style=\"text-align: center;\">Rapport de la r\u00e9union de Galice<\/p>\n<\/div><div class=\"fusion-separator fusion-full-width-sep\" style=\"align-self: center;margin-left: auto;margin-right: auto;width:100%;\"><div class=\"fusion-separator-border sep-double\" style=\"--awb-height:20px;--awb-amount:20px;border-color:#e0dede;border-top-width:1px;border-bottom-width:1px;\"><\/div><\/div><div class=\"fusion-image-element \" style=\"text-align:center;--awb-caption-title-font-family:var(--h2_typography-font-family);--awb-caption-title-font-weight:var(--h2_typography-font-weight);--awb-caption-title-font-style:var(--h2_typography-font-style);--awb-caption-title-size:var(--h2_typography-font-size);--awb-caption-title-transform:var(--h2_typography-text-transform);--awb-caption-title-line-height:var(--h2_typography-line-height);--awb-caption-title-letter-spacing:var(--h2_typography-letter-spacing);\"><span class=\" fusion-imageframe imageframe-none imageframe-3 hover-type-none\"><a class=\"fusion-no-lightbox\" href=\"https:\/\/instajuridic.com\/wp-content\/uploads\/2025\/10\/Relatoria_COMUNES-CAT_WEB.pdf\" target=\"_self\" aria-label=\"Rapport_COMUNES-CAT_WEB\"><img decoding=\"async\" width=\"212\" height=\"300\" src=\"https:\/\/instajuridic.com\/wp-content\/uploads\/2025\/10\/Relatoria_COMUNES-CAT_WEB-212x300.jpg\" alt class=\"img-responsive wp-image-7341\" srcset=\"https:\/\/instajuridic.com\/wp-content\/uploads\/2025\/10\/Relatoria_COMUNES-CAT_WEB-200x284.jpg 200w, https:\/\/instajuridic.com\/wp-content\/uploads\/2025\/10\/Relatoria_COMUNES-CAT_WEB-400x567.jpg 400w, https:\/\/instajuridic.com\/wp-content\/uploads\/2025\/10\/Relatoria_COMUNES-CAT_WEB.jpg 594w\" sizes=\"(max-width: 1024px) 100vw, (max-width: 850px) 100vw, 212px\" \/><\/a><\/span><\/div><div class=\"fusion-text fusion-text-4\"><p style=\"text-align: center;\">Rapport de la r\u00e9union sur la Catalogne<\/p>\n<\/div><div class=\"fusion-separator fusion-full-width-sep\" style=\"align-self: center;margin-left: auto;margin-right: auto;width:100%;\"><div class=\"fusion-separator-border sep-double\" style=\"--awb-height:20px;--awb-amount:20px;border-color:#e0dede;border-top-width:1px;border-bottom-width:1px;\"><\/div><\/div><div class=\"fusion-image-element \" style=\"text-align:center;--awb-caption-title-font-family:var(--h2_typography-font-family);--awb-caption-title-font-weight:var(--h2_typography-font-weight);--awb-caption-title-font-style:var(--h2_typography-font-style);--awb-caption-title-size:var(--h2_typography-font-size);--awb-caption-title-transform:var(--h2_typography-text-transform);--awb-caption-title-line-height:var(--h2_typography-line-height);--awb-caption-title-letter-spacing:var(--h2_typography-letter-spacing);\"><span class=\" fusion-imageframe imageframe-none imageframe-4 hover-type-none\"><a class=\"fusion-no-lightbox\" href=\"https:\/\/instajuridic.com\/wp-content\/uploads\/2025\/12\/Maquetacion-Policy-Brief_FINAL.pdf\" target=\"_self\" aria-label=\"Note de synth\u00e8se sur les politiques de mise en page_FINALE\"><img decoding=\"async\" width=\"212\" height=\"300\" src=\"https:\/\/instajuridic.com\/wp-content\/uploads\/2025\/10\/Maquetacion-Policy-Brief_FINAL-212x300.jpg\" alt class=\"img-responsive wp-image-7369\" srcset=\"https:\/\/instajuridic.com\/wp-content\/uploads\/2025\/10\/Maquetacion-Policy-Brief_FINAL-200x283.jpg 200w, https:\/\/instajuridic.com\/wp-content\/uploads\/2025\/10\/Maquetacion-Policy-Brief_FINAL-400x565.jpg 400w, https:\/\/instajuridic.com\/wp-content\/uploads\/2025\/10\/Maquetacion-Policy-Brief_FINAL.jpg 595w\" sizes=\"(max-width: 1024px) 100vw, (max-width: 850px) 100vw, 212px\" \/><\/a><\/span><\/div><div class=\"fusion-text fusion-text-5\"><p style=\"text-align: center;\">R\u00e9sum\u00e9 des \u00e9l\u00e9ments de preuve \u00e0 l&rsquo;appui de la politique<\/p>\n<\/div><\/div><\/div><div class=\"fusion-layout-column fusion_builder_column fusion-builder-column-2 fusion_builder_column_1_2 1_2 fusion-flex-column\" style=\"--awb-bg-size:cover;--awb-width-large:50%;--awb-margin-top-large:0px;--awb-spacing-right-large:3.84%;--awb-margin-bottom-large:20px;--awb-spacing-left-large:3.84%;--awb-width-medium:100%;--awb-order-medium:0;--awb-spacing-right-medium:1.92%;--awb-spacing-left-medium:1.92%;--awb-width-small:100%;--awb-order-small:0;--awb-spacing-right-small:1.92%;--awb-spacing-left-small:1.92%;\"><div class=\"fusion-column-wrapper fusion-column-has-shadow fusion-flex-justify-content-flex-start fusion-content-layout-column\"><div class=\"fusion-title title fusion-title-2 fusion-title-text fusion-title-size-two\"><div class=\"title-sep-container title-sep-container-left fusion-no-large-visibility fusion-no-medium-visibility fusion-no-small-visibility\"><div class=\"title-sep sep- sep-solid\" style=\"border-color:#e0dede;\"><\/div><\/div><span class=\"awb-title-spacer fusion-no-large-visibility fusion-no-medium-visibility fusion-no-small-visibility\"><\/span><h2 class=\"fusion-title-heading title-heading-left\" style=\"margin:0;\">Moyen<\/h2><span class=\"awb-title-spacer\"><\/span><div class=\"title-sep-container title-sep-container-right\"><div class=\"title-sep sep- sep-solid\" style=\"border-color:#e0dede;\"><\/div><\/div><\/div><div class=\"fusion-separator fusion-full-width-sep\" style=\"align-self: center;margin-left: auto;margin-right: auto;width:100%;\"><div class=\"fusion-separator-border sep-double\" style=\"--awb-height:20px;--awb-amount:20px;border-color:#e0dede;border-top-width:1px;border-bottom-width:1px;\"><\/div><\/div><\/div><\/div><\/div><\/div><div class=\"fusion-fullwidth fullwidth-box fusion-builder-row-3 fusion-flex-container has-pattern-background has-mask-background nonhundred-percent-fullwidth non-hundred-percent-height-scrolling\" style=\"--awb-border-radius-top-left:0px;--awb-border-radius-top-right:0px;--awb-border-radius-bottom-right:0px;--awb-border-radius-bottom-left:0px;--awb-flex-wrap:wrap;\" ><div class=\"fusion-builder-row fusion-row fusion-flex-align-items-flex-start fusion-flex-content-wrap\" style=\"max-width:1216.8px;margin-left: calc(-4% \/ 2 );margin-right: calc(-4% \/ 2 );\"><div class=\"fusion-layout-column fusion_builder_column fusion-builder-column-3 fusion_builder_column_1_1 1_1 fusion-flex-column\" style=\"--awb-bg-size:cover;--awb-width-large:100%;--awb-margin-top-large:0px;--awb-spacing-right-large:1.92%;--awb-margin-bottom-large:20px;--awb-spacing-left-large:1.92%;--awb-width-medium:100%;--awb-order-medium:0;--awb-spacing-right-medium:1.92%;--awb-spacing-left-medium:1.92%;--awb-width-small:100%;--awb-order-small:0;--awb-spacing-right-small:1.92%;--awb-spacing-left-small:1.92%;\"><div class=\"fusion-column-wrapper fusion-column-has-shadow fusion-flex-justify-content-flex-start fusion-content-layout-column\"><div class=\"fusion-title title fusion-title-3 fusion-title-text fusion-title-size-two\"><div class=\"title-sep-container title-sep-container-left fusion-no-large-visibility fusion-no-medium-visibility fusion-no-small-visibility\"><div class=\"title-sep sep- sep-solid\" style=\"border-color:#e0dede;\"><\/div><\/div><span class=\"awb-title-spacer fusion-no-large-visibility fusion-no-medium-visibility fusion-no-small-visibility\"><\/span><h2 class=\"fusion-title-heading title-heading-left\" style=\"margin:0;\">Actualit\u00e9s connexes<\/h2><span class=\"awb-title-spacer\"><\/span><div class=\"title-sep-container title-sep-container-right\"><div class=\"title-sep sep- sep-solid\" style=\"border-color:#e0dede;\"><\/div><\/div><\/div><div class=\"fusion-post-slider fusion-flexslider fusion-flexslider-loading flexslider-posts-with-excerpt\"><ul class=\"slides\"><li><a href=\"https:\/\/instajuridic.com\/fr\/2026\/04\/09\/el-congreso-convalida-el-real-decreto-ley-7-2026-un-gran-impulso-para-el-autoconsumo-y-las-comunidades-energeticas-y-nuevas-reglas-para-redes-almacenamiento-y-demanda\/\" aria-label=\"Le Congr\u00e8s valide le d\u00e9cret-loi royal 7\/2026 : un grand coup de pouce pour l&rsquo;autoconsommation et les communaut\u00e9s \u00e9nerg\u00e9tiques, et de nouvelles r\u00e8gles pour les r\u00e9seaux, le stockage et la demande.\"><img decoding=\"async\" width=\"2560\" height=\"1440\" class=\"wp-image-8298\" src=\"https:\/\/instajuridic.com\/wp-content\/uploads\/2026\/03\/Imatge-web-RDL-7-2026-scaled.jpg\" alt=\"\" srcset=\"https:\/\/instajuridic.com\/wp-content\/uploads\/2026\/03\/Imatge-web-RDL-7-2026-200x113.jpg 200w, https:\/\/instajuridic.com\/wp-content\/uploads\/2026\/03\/Imatge-web-RDL-7-2026-400x225.jpg 400w, https:\/\/instajuridic.com\/wp-content\/uploads\/2026\/03\/Imatge-web-RDL-7-2026-600x338.jpg 600w, https:\/\/instajuridic.com\/wp-content\/uploads\/2026\/03\/Imatge-web-RDL-7-2026-800x450.jpg 800w, https:\/\/instajuridic.com\/wp-content\/uploads\/2026\/03\/Imatge-web-RDL-7-2026-1200x675.jpg 1200w, https:\/\/instajuridic.com\/wp-content\/uploads\/2026\/03\/Imatge-web-RDL-7-2026-scaled.jpg 2560w\" sizes=\"(max-width: 1024px) 100vw, (max-width: 850px) 100vw, 1200px\" \/><\/a><div class=\"slide-excerpt\"><div class=\"excerpt-container\"><h2><a href=\"https:\/\/instajuridic.com\/fr\/2026\/04\/09\/el-congreso-convalida-el-real-decreto-ley-7-2026-un-gran-impulso-para-el-autoconsumo-y-las-comunidades-energeticas-y-nuevas-reglas-para-redes-almacenamiento-y-demanda\/\">Le Congr\u00e8s valide le d\u00e9cret-loi royal 7\/2026 : un grand coup de pouce pour l&rsquo;autoconsommation et les communaut\u00e9s \u00e9nerg\u00e9tiques, et de nouvelles r\u00e8gles pour les r\u00e9seaux, le stockage et la demande.<\/a><\/h2><p>Le Congr\u00e8s a valid\u00e9 ce jeudi 26 mars le d\u00e9cret-loi royal 7\/2026publi\u00e9 au BOE le 21 mars, comme pi\u00e8ce ma\u00eetresse du Plan global de r\u00e9ponse \u00e0 la crise au Moyen-Orient. Un r\u00e8glement avec un bloc [...]<\/p><\/div><\/div><\/li><li><a href=\"https:\/\/instajuridic.com\/fr\/2026\/01\/07\/el-tribunal-suprem-dicta-sentencia-sobre-els-carregadors-de-vehicles-electrics-en-garatges-comunitaris\/\" aria-label=\"La Cour supr\u00eame rend une d\u00e9cision concernant les bornes de recharge pour v\u00e9hicules \u00e9lectriques dans les garages communautaires.\"><img decoding=\"async\" width=\"2560\" height=\"1440\" class=\"wp-image-7863\" src=\"https:\/\/instajuridic.com\/wp-content\/uploads\/2026\/01\/Noticia-web-STS-Cargadores-electricos-plazas-de-garaje-scaled.jpg\" alt=\"\" srcset=\"https:\/\/instajuridic.com\/wp-content\/uploads\/2026\/01\/Noticia-web-STS-Cargadores-electricos-plazas-de-garaje-200x113.jpg 200w, https:\/\/instajuridic.com\/wp-content\/uploads\/2026\/01\/Noticia-web-STS-Cargadores-electricos-plazas-de-garaje-400x225.jpg 400w, https:\/\/instajuridic.com\/wp-content\/uploads\/2026\/01\/Noticia-web-STS-Cargadores-electricos-plazas-de-garaje-600x338.jpg 600w, https:\/\/instajuridic.com\/wp-content\/uploads\/2026\/01\/Noticia-web-STS-Cargadores-electricos-plazas-de-garaje-800x450.jpg 800w, https:\/\/instajuridic.com\/wp-content\/uploads\/2026\/01\/Noticia-web-STS-Cargadores-electricos-plazas-de-garaje-1200x675.jpg 1200w, https:\/\/instajuridic.com\/wp-content\/uploads\/2026\/01\/Noticia-web-STS-Cargadores-electricos-plazas-de-garaje-scaled.jpg 2560w\" sizes=\"(max-width: 1024px) 100vw, (max-width: 850px) 100vw, 1200px\" \/><\/a><div class=\"slide-excerpt\"><div class=\"excerpt-container\"><h2><a href=\"https:\/\/instajuridic.com\/fr\/2026\/01\/07\/el-tribunal-suprem-dicta-sentencia-sobre-els-carregadors-de-vehicles-electrics-en-garatges-comunitaris\/\">La Cour supr\u00eame rend une d\u00e9cision concernant les bornes de recharge pour v\u00e9hicules \u00e9lectriques dans les garages communautaires.<\/a><\/h2><p>La Premi\u00e8re Chambre de la Cour de cassation, par arr\u00eat n\u00b0 1745\/2025 du 1er d\u00e9cembre (ROJ STS 5363\/2025), a tranch\u00e9 un litige opposant un propri\u00e9taire \u00e0 sa commune concernant l' installation d'une borne de recharge [...]<\/p><\/div><\/div><\/li><li><a href=\"https:\/\/instajuridic.com\/fr\/2025\/12\/30\/la-jornada-dialegs-per-una-galicia-renovable-reuneix-a-santiago-agents-clau-per-dissenyar-un-protocol-de-comunicacio-i-participacio-social-en-el-desplegament-de-renovables\/\" aria-label=\"La conf\u00e9rence \u00ab Dialogues pour une Galice renouvelable \u00bb r\u00e9unit \u00e0 Santiago des acteurs cl\u00e9s afin de concevoir un protocole de communication et de participation sociale pour le d\u00e9ploiement des \u00e9nergies renouvelables.\"><img decoding=\"async\" width=\"2446\" height=\"1440\" class=\"wp-image-7811\" src=\"https:\/\/instajuridic.com\/wp-content\/uploads\/2025\/12\/Noticia-REDS.jpg\" alt=\"\" srcset=\"https:\/\/instajuridic.com\/wp-content\/uploads\/2025\/12\/Noticia-REDS-200x118.jpg 200w, https:\/\/instajuridic.com\/wp-content\/uploads\/2025\/12\/Noticia-REDS-400x235.jpg 400w, https:\/\/instajuridic.com\/wp-content\/uploads\/2025\/12\/Noticia-REDS-600x353.jpg 600w, https:\/\/instajuridic.com\/wp-content\/uploads\/2025\/12\/Noticia-REDS-800x471.jpg 800w, https:\/\/instajuridic.com\/wp-content\/uploads\/2025\/12\/Noticia-REDS-1200x706.jpg 1200w, https:\/\/instajuridic.com\/wp-content\/uploads\/2025\/12\/Noticia-REDS.jpg 2446w\" sizes=\"(max-width: 1024px) 100vw, (max-width: 850px) 100vw, 1200px\" \/><\/a><div class=\"slide-excerpt\"><div class=\"excerpt-container\"><h2><a href=\"https:\/\/instajuridic.com\/fr\/2025\/12\/30\/la-jornada-dialegs-per-una-galicia-renovable-reuneix-a-santiago-agents-clau-per-dissenyar-un-protocol-de-comunicacio-i-participacio-social-en-el-desplegament-de-renovables\/\">La conf\u00e9rence \u00ab Dialogues pour une Galice renouvelable \u00bb r\u00e9unit \u00e0 Santiago des acteurs cl\u00e9s afin de concevoir un protocole de communication et de participation sociale pour le d\u00e9ploiement des \u00e9nergies renouvelables.<\/a><\/h2><p>La Cit\u00e9 de la Culture (Saint-Jacques-de-Compostelle) a accueilli la journ\u00e9e de travail \u00ab Dialogues pour une Galice renouvelable \u00bb, qui a r\u00e9uni pr\u00e8s de 20 repr\u00e9sentants d'entreprises, d'universit\u00e9s, d'administrations publiques et d'organisations sociales li\u00e9es \u00e0 [...]<\/p><\/div><\/div><\/li><\/ul><\/div><\/div><\/div><\/div><\/div><\/p>\n","protected":false},"excerpt":{"rendered":"","protected":false},"author":2,"featured_media":7043,"menu_order":0,"comment_status":"open","ping_status":"closed","template":"","format":"standard","meta":{"_acf_changed":false,"footnotes":""},"portfolio_category":[154,153],"portfolio_skills":[],"portfolio_tags":[],"class_list":["post-7058","avada_portfolio","type-avada_portfolio","status-publish","format-standard","has-post-thumbnail","hentry","portfolio_category-loi-environnementale","portfolio_category-mis-en-exergue"],"acf":[],"_links":{"self":[{"href":"https:\/\/instajuridic.com\/fr\/wp-json\/wp\/v2\/avada_portfolio\/7058","targetHints":{"allow":["GET"]}}],"collection":[{"href":"https:\/\/instajuridic.com\/fr\/wp-json\/wp\/v2\/avada_portfolio"}],"about":[{"href":"https:\/\/instajuridic.com\/fr\/wp-json\/wp\/v2\/types\/avada_portfolio"}],"author":[{"embeddable":true,"href":"https:\/\/instajuridic.com\/fr\/wp-json\/wp\/v2\/users\/2"}],"replies":[{"embeddable":true,"href":"https:\/\/instajuridic.com\/fr\/wp-json\/wp\/v2\/comments?post=7058"}],"version-history":[{"count":24,"href":"https:\/\/instajuridic.com\/fr\/wp-json\/wp\/v2\/avada_portfolio\/7058\/revisions"}],"predecessor-version":[{"id":7402,"href":"https:\/\/instajuridic.com\/fr\/wp-json\/wp\/v2\/avada_portfolio\/7058\/revisions\/7402"}],"wp:featuredmedia":[{"embeddable":true,"href":"https:\/\/instajuridic.com\/fr\/wp-json\/wp\/v2\/media\/7043"}],"wp:attachment":[{"href":"https:\/\/instajuridic.com\/fr\/wp-json\/wp\/v2\/media?parent=7058"}],"wp:term":[{"taxonomy":"portfolio_category","embeddable":true,"href":"https:\/\/instajuridic.com\/fr\/wp-json\/wp\/v2\/portfolio_category?post=7058"},{"taxonomy":"portfolio_skills","embeddable":true,"href":"https:\/\/instajuridic.com\/fr\/wp-json\/wp\/v2\/portfolio_skills?post=7058"},{"taxonomy":"portfolio_tags","embeddable":true,"href":"https:\/\/instajuridic.com\/fr\/wp-json\/wp\/v2\/portfolio_tags?post=7058"}],"curies":[{"name":"wp","href":"https:\/\/api.w.org\/{rel}","templated":true}]}}