{"id":3656,"date":"2021-04-19T18:04:15","date_gmt":"2021-04-19T18:04:15","guid":{"rendered":"https:\/\/instajuridic.com\/publicacio\/conflits-socio-environnementaux-et-justice-climatique-en-catalogne\/"},"modified":"2021-04-19T18:04:15","modified_gmt":"2021-04-19T18:04:15","slug":"conflits-socio-environnementaux-et-justice-climatique-en-catalogne","status":"publish","type":"publicacio","link":"https:\/\/instajuridic.com\/fr\/publicacio\/conflits-socio-environnementaux-et-justice-climatique-en-catalogne\/","title":{"rendered":"Conflits socio-environnementaux et justice climatique en Catalogne"},"content":{"rendered":"<p>Dans le cadre de la<a href=\"http:\/\/wwwa.fundacio.urv.cat\/congressos\/congres-catala-dret-ambiental\/\" target=\"_blank\" rel=\"noopener\"> Premier congr\u00e8s catalan de droit de l&rsquo;environnement<\/a> , organis\u00e9e par l&rsquo;URV, la CEDAT et la Direction du Territoire et du D\u00e9veloppement durable, les 17, 18 et 19 janvier 2018, l&rsquo;INSTA a r\u00e9alis\u00e9 une communication sur les conflits socio-environnementaux et la justice climatique en Catalogne.<\/p>\n<p>Ces derniers temps, certains indicateurs \u00e9conomiques d\u00e9notant une reprise de l&rsquo;\u00e9conomie en Catalogne, il y a eu des conflits issus d&rsquo;agressions environnementales provoqu\u00e9es par le d\u00e9veloppement urbain, industriel, \u00e9nerg\u00e9tique, etc., et qui ont conduit \u00e0 une r\u00e9ponse citoyenne significative sous plaintes, campagnes et autres formes de protestation. Les raisons de cette r\u00e9surgence de certains conflits pourraient \u00eatre trouv\u00e9es dans des facteurs tels que le manque de planification territoriale globale, dans la d\u00e9finition de strat\u00e9gies sectorielles par pays, entre autres. Le cas des conflits environnementaux li\u00e9s au changement climatique et \u00e0 ses effets sur la Catalogne ne fait pas exception \u00e0 cette analyse. Des cas tels que l&rsquo;\u00e9l\u00e9vation du niveau de la mer sur le delta de l&rsquo;\u00c8bre, la r\u00e9duction des glaciers et du niveau de neige dans les Pyr\u00e9n\u00e9es, ainsi que les impacts li\u00e9s \u00e0 la s\u00e9cheresse et au risque accru d&rsquo;incendies, sont des conflits socio-environnementaux avec une composante claire du climat. Justice.<\/p>\n<p>La pr\u00e9sentation a abord\u00e9 ces conflits socio-environnementaux \u00e0 partir du concept d&rsquo;\u00e9quit\u00e9 et de justice environnementale, au sens large du concept. Selon la publication pr\u00e9par\u00e9e par le Conseil consultatif pour le d\u00e9veloppement durable de la Generalitat de Catalunya, intitul\u00e9e \u00ab\u00c9quit\u00e9 environnementale en Catalogne: int\u00e9gration des dimensions environnementale, territoriale et sociale dans la prise de d\u00e9cision\u00bb, l&rsquo;\u00e9quit\u00e9 environnementale vise \u00e0 parvenir \u00e0 une distribution \u00e9quitable des biens et les impacts environnementaux entre les diff\u00e9rents groupes sociaux et territoires, ainsi que la garantie que tous les citoyens ont des chances \u00e9gales de participer \u00e0 la prise de d\u00e9cision avec des implications pour leur environnement. Ces objectifs sont r\u00e9affirm\u00e9s comme \u00e9tant essentiels pour toute soci\u00e9t\u00e9 qui souhaite relever avec succ\u00e8s le d\u00e9fi de la durabilit\u00e9. \u00bb<\/p>\n<p>Selon les auteurs de l&rsquo;\u00e9tude, l&rsquo;\u00e9quit\u00e9 environnementale doit \u00eatre appr\u00e9hend\u00e9e sous trois angles: l&rsquo;\u00e9quit\u00e9 proc\u00e9durale, l&rsquo;\u00e9quit\u00e9 g\u00e9ographique et l&rsquo;\u00e9quit\u00e9 sociale. Certains auteurs placent l&rsquo;\u00e9quit\u00e9 environnementale entre les mains du concept de justice environnementale, car il vise \u00e0 donner une approche politique. L&rsquo;EPA (Environmental Protection Agency) des \u00c9tats-Unis d\u00e9finit la justice environnementale comme \u00able traitement \u00e9quitable et la participation de tous, sans distinction de race, de couleur, de nation d&rsquo;origine ou de revenu, au d\u00e9veloppement, \u00e0 la mise en \u0153uvre et \u00e0 l&rsquo;application des lois, r\u00e9glementations et politiques environnementales. Un traitement \u00e9quitable signifie qu&rsquo;aucun groupe de population, y compris les diff\u00e9rentes races ou groupes socio-\u00e9conomiques, ne doit supporter un pourcentage disproportionn\u00e9 d&rsquo;impacts environnementaux n\u00e9gatifs en raison d&rsquo;op\u00e9rations industrielles, municipales ou commerciales ou de politiques et programmes f\u00e9d\u00e9raux, \u00e9tatiques ou \u00e9tatiques. La participation signifie que les communaut\u00e9s potentiellement affect\u00e9es ont la possibilit\u00e9 appropri\u00e9e de participer aux d\u00e9cisions li\u00e9es aux activit\u00e9s qui affectent leur environnement et \/ ou leur sant\u00e9; que leur participation publique peut influencer les d\u00e9cisions prises par les agences de r\u00e9gulation; que les pr\u00e9occupations de tous les participants seront prises en compte dans la prise de d\u00e9cision; et que les d\u00e9cideurs facilitent la participation des personnes potentiellement affect\u00e9es. \u00bb<\/p>\n<p>Comment l&rsquo;\u00e9quit\u00e9 et la justice environnementale peuvent-elles d\u00e9finir la justice climatique en Catalogne? Quels conflits socio-environnementaux se produisent et se produiront \u00e0 l&rsquo;avenir sur le territoire catalan? Comment devront-ils y faire face? Tels sont les probl\u00e8mes que la communication pr\u00e9sent\u00e9e cherchait \u00e0 r\u00e9soudre.<\/p>\n","protected":false},"featured_media":2970,"template":"","meta":{"_acf_changed":false},"tipus_publicacio":[144],"class_list":["post-3656","publicacio","type-publicacio","status-publish","has-post-thumbnail","hentry","tipus_publicacio-papiers"],"acf":[],"_links":{"self":[{"href":"https:\/\/instajuridic.com\/fr\/wp-json\/wp\/v2\/publicacio\/3656","targetHints":{"allow":["GET"]}}],"collection":[{"href":"https:\/\/instajuridic.com\/fr\/wp-json\/wp\/v2\/publicacio"}],"about":[{"href":"https:\/\/instajuridic.com\/fr\/wp-json\/wp\/v2\/types\/publicacio"}],"wp:featuredmedia":[{"embeddable":true,"href":"https:\/\/instajuridic.com\/fr\/wp-json\/wp\/v2\/media\/2970"}],"wp:attachment":[{"href":"https:\/\/instajuridic.com\/fr\/wp-json\/wp\/v2\/media?parent=3656"}],"wp:term":[{"taxonomy":"tipus_publicacio","embeddable":true,"href":"https:\/\/instajuridic.com\/fr\/wp-json\/wp\/v2\/tipus_publicacio?post=3656"}],"curies":[{"name":"wp","href":"https:\/\/api.w.org\/{rel}","templated":true}]}}