{"id":5366,"date":"2024-04-21T15:42:38","date_gmt":"2024-04-21T15:42:38","guid":{"rendered":"https:\/\/instajuridic.com\/casa\/"},"modified":"2026-04-15T14:27:58","modified_gmt":"2026-04-15T14:27:58","slug":"casa","status":"publish","type":"page","link":"https:\/\/instajuridic.com\/gl\/","title":{"rendered":"Casa"},"content":{"rendered":"<p><div class=\"fusion-fullwidth fullwidth-box fusion-builder-row-1 fusion-flex-container nonhundred-percent-fullwidth non-hundred-percent-height-scrolling\" style=\"--awb-background-blend-mode:lighten;--awb-border-sizes-top:0px;--awb-border-sizes-bottom:0px;--awb-border-sizes-left:0px;--awb-border-sizes-right:0px;--awb-border-radius-top-left:0px;--awb-border-radius-top-right:0px;--awb-border-radius-bottom-right:0px;--awb-border-radius-bottom-left:0px;--awb-padding-top:0px;--awb-padding-bottom:50px;--awb-padding-top-medium:72px;--awb-padding-bottom-medium:56px;--awb-margin-top:-130px;--awb-flex-wrap:wrap;\" ><div class=\"fusion-builder-row fusion-row fusion-flex-align-items-center fusion-flex-justify-content-space-evenly fusion-flex-content-wrap\" style=\"max-width:calc( 1170px + 0px );margin-left: calc(-0px \/ 2 );margin-right: calc(-0px \/ 2 );\"><div class=\"fusion-layout-column fusion_builder_column fusion-builder-column-0 fusion_builder_column_1_1 1_1 fusion-flex-column fusion-animated\" style=\"--awb-bg-size:cover;--awb-width-large:100%;--awb-margin-top-large:0px;--awb-spacing-right-large:0px;--awb-margin-bottom-large:20px;--awb-spacing-left-large:0px;--awb-width-medium:100%;--awb-order-medium:0;--awb-spacing-right-medium:0px;--awb-spacing-left-medium:0px;--awb-width-small:100%;--awb-order-small:0;--awb-spacing-right-small:0px;--awb-spacing-left-small:0px;\" data-animationType=\"fadeInUp\" data-animationDuration=\"2.0\" data-animationOffset=\"top-into-view\"><div class=\"fusion-column-wrapper fusion-column-has-shadow fusion-flex-justify-content-flex-start fusion-content-layout-column\"><div class=\"fusion-text fusion-text-1\"><div data-post-id=\"5000\" class=\"insert-page insert-page-5000 \"><div class=\"fusion-fullwidth fullwidth-box fusion-builder-row-1-1 fusion-flex-container has-pattern-background has-mask-background hundred-percent-fullwidth non-hundred-percent-height-scrolling\" style=\"--awb-background-blend-mode:lighten;--awb-border-sizes-top:0px;--awb-border-sizes-bottom:0px;--awb-border-sizes-left:0px;--awb-border-sizes-right:0px;--awb-border-radius-top-left:0px;--awb-border-radius-top-right:0px;--awb-border-radius-bottom-right:0px;--awb-border-radius-bottom-left:0px;--awb-padding-top:0px;--awb-padding-right:0px;--awb-padding-bottom:30px;--awb-padding-left:0px;--awb-padding-top-medium:72px;--awb-padding-bottom-medium:56px;--awb-flex-wrap:wrap;\" ><div class=\"fusion-builder-row fusion-row fusion-flex-align-items-stretch fusion-flex-justify-content-space-evenly fusion-flex-content-wrap\" style=\"width:calc( 100% + 0px ) !important;max-width:calc( 100% + 0px ) !important;margin-left: calc(-0px \/ 2 );margin-right: calc(-0px \/ 2 );\"><div class=\"fusion-layout-column fusion_builder_column fusion-builder-column-1 fusion_builder_column_1_3 1_3 fusion-flex-column fusion-animated\" style=\"--awb-padding-top:30px;--awb-padding-right:50px;--awb-padding-bottom:38px;--awb-padding-left:50px;--awb-padding-right-small:15px;--awb-padding-left-small:15px;--awb-bg-color:#ffffff;--awb-bg-color-hover:#ffffff;--awb-bg-size:cover;--awb-box-shadow:0px 0px 3px 0px #5a7050;;--awb-border-color:#e2e2e2;--awb-border-top:0;--awb-border-right:0;--awb-border-bottom:0;--awb-border-left:0;--awb-border-style:solid;--awb-width-large:33.333333333333%;--awb-flex-grow:0;--awb-flex-shrink:0;--awb-margin-top-large:0px;--awb-spacing-right-large:5px;--awb-margin-bottom-large:20px;--awb-spacing-left-large:0px;--awb-width-medium:100%;--awb-order-medium:0;--awb-flex-grow-medium:0;--awb-flex-shrink-medium:0;--awb-spacing-right-medium:0px;--awb-spacing-left-medium:0px;--awb-width-small:100%;--awb-order-small:0;--awb-flex-grow-small:0;--awb-flex-shrink-small:0;--awb-spacing-right-small:0px;--awb-spacing-left-small:0px;\" data-animationType=\"fadeInDown\" data-animationDuration=\"1.0\" data-animationOffset=\"top-into-view\"><div class=\"fusion-column-wrapper fusion-column-has-shadow fusion-flex-justify-content-flex-start fusion-content-layout-column\"><div class=\"fusion-fa-align-center\"><i class=\"fb-icon-element-1 fb-icon-element fontawesome-icon fa-balance-scale-left fas circle-yes\" style=\"--awb-circlecolor:#5f4f44;--awb-circlecolor-hover:#b6beb0;--awb-circlebordersize:1px;--awb-font-size:28.16px;--awb-width:56.32px;--awb-height:56.32px;--awb-line-height:54.32px;--awb-margin-bottom:10px;\"><\/i><\/div><div class=\"fusion-title title fusion-title-1 fusion-title-center fusion-title-text fusion-title-size-two\" style=\"--awb-text-color:#5a7050;--awb-margin-bottom:10px;--awb-font-size:24px;\"><div class=\"title-sep-container title-sep-container-left\"><div class=\"title-sep sep- sep-solid\" style=\"border-color:#e0dede;\"><\/div><\/div><span class=\"awb-title-spacer\"><\/span><h2 class=\"fusion-title-heading title-heading-center\" style=\"margin:0;font-size:1em;\"><p>Dereito<br \/>\nAmbiental<\/p><\/h2><span class=\"awb-title-spacer\"><\/span><div class=\"title-sep-container title-sep-container-right\"><div class=\"title-sep sep- sep-solid\" style=\"border-color:#e0dede;\"><\/div><\/div><\/div><div class=\"fusion-text fusion-text-1\"><p style=\"text-align: center;\">Servizos de asesoramento, defensa xur\u00eddica e consultor\u00eda en dereito ambiental<\/p>\n<\/div><div style=\"text-align:center;\"><a class=\"fusion-button button-flat button-medium button-custom fusion-button-default button-1 fusion-button-default-span \" style=\"--button_accent_color:#4b6b51;--button_border_color:#4b6b51;--button_accent_hover_color:#b6beb0;--button_border_hover_color:#b6beb0;--button_border_width-top:1px;--button_border_width-right:1px;--button_border_width-bottom:1px;--button_border_width-left:1px;--button-border-radius-top-left:0px;--button-border-radius-top-right:0px;--button-border-radius-bottom-right:0px;--button-border-radius-bottom-left:0px;--button_gradient_top_color:#ffffff;--button_gradient_bottom_color:#ffffff;--button_gradient_top_color_hover:#ffffff;--button_gradient_bottom_color_hover:#ffffff;--button_text_transform:uppercase;\" target=\"_self\" href=\"dereito-ambiental\/\"><span class=\"fusion-button-text awb-button__text awb-button__text--default\">M\u00e1is informaci\u00f3n<\/span><\/a><\/div><\/div><\/div><div class=\"fusion-layout-column fusion_builder_column fusion-builder-column-2 fusion_builder_column_1_3 1_3 fusion-flex-column fusion-animated\" style=\"--awb-padding-top:30px;--awb-padding-right:30px;--awb-padding-bottom:38px;--awb-padding-left:30px;--awb-padding-right-small:15px;--awb-padding-left-small:15px;--awb-bg-color:#ffffff;--awb-bg-color-hover:#ffffff;--awb-bg-size:cover;--awb-box-shadow:0px 0px 3px 0px #5a7050;;--awb-border-color:#e2e2e2;--awb-border-style:solid;--awb-width-large:33.333333333333%;--awb-flex-grow:0;--awb-flex-shrink:0;--awb-margin-top-large:0px;--awb-spacing-right-large:5px;--awb-margin-bottom-large:20px;--awb-spacing-left-large:5px;--awb-width-medium:100%;--awb-order-medium:0;--awb-flex-grow-medium:0;--awb-flex-shrink-medium:0;--awb-spacing-right-medium:0px;--awb-spacing-left-medium:0px;--awb-width-small:100%;--awb-order-small:0;--awb-flex-grow-small:0;--awb-flex-shrink-small:0;--awb-spacing-right-small:0px;--awb-spacing-left-small:0px;\" data-animationType=\"fadeInDown\" data-animationDuration=\"2.0\" data-animationOffset=\"top-into-view\"><div class=\"fusion-column-wrapper fusion-column-has-shadow fusion-flex-justify-content-flex-start fusion-content-layout-column\"><i class=\"fb-icon-element-2 fb-icon-element fontawesome-icon fa-leaf fas circle-yes\" style=\"--awb-circlecolor:#5f4f44;--awb-circlecolor-hover:#b6beb0;--awb-circlebordersize:1px;--awb-font-size:28.16px;--awb-width:56.32px;--awb-height:56.32px;--awb-line-height:54.32px;--awb-align-self:center;--awb-margin-top:0px;--awb-margin-right:0px;--awb-margin-bottom:10px;--awb-margin-left:0px;\"><\/i><div class=\"fusion-title title fusion-title-2 fusion-title-center fusion-title-text fusion-title-size-two\" style=\"--awb-text-color:#5a7050;--awb-margin-bottom:10px;--awb-font-size:24px;\"><div class=\"title-sep-container title-sep-container-left\"><div class=\"title-sep sep- sep-solid\" style=\"border-color:#e0dede;\"><\/div><\/div><span class=\"awb-title-spacer\"><\/span><h2 class=\"fusion-title-heading title-heading-center\" style=\"margin:0;font-size:1em;\"><p>Estudos Ambientais<br \/>\ne Territorial<\/p><\/h2><span class=\"awb-title-spacer\"><\/span><div class=\"title-sep-container title-sep-container-right\"><div class=\"title-sep sep- sep-solid\" style=\"border-color:#e0dede;\"><\/div><\/div><\/div><div class=\"fusion-text fusion-text-2\"><p style=\"text-align: center;\">Servizos de consultor\u00eda ambiental, elaboraci\u00f3n de estudos ambientais e an\u00e1lise territorial<\/p>\n<\/div><div style=\"text-align:center;\"><a class=\"fusion-button button-flat button-medium button-custom fusion-button-default button-2 fusion-button-default-span \" style=\"--button_accent_color:#4b6b51;--button_border_color:#4b6b51;--button_accent_hover_color:#b6beb0;--button_border_hover_color:#b6beb0;--button_border_width-top:1px;--button_border_width-right:1px;--button_border_width-bottom:1px;--button_border_width-left:1px;--button-border-radius-top-left:0px;--button-border-radius-top-right:0px;--button-border-radius-bottom-right:0px;--button-border-radius-bottom-left:0px;--button_gradient_top_color:#ffffff;--button_gradient_bottom_color:#ffffff;--button_gradient_top_color_hover:#ffffff;--button_gradient_bottom_color_hover:#ffffff;--button_text_transform:uppercase;\" target=\"_self\" href=\"estudos-ambientais-e-territoriais\/\"><span class=\"fusion-button-text awb-button__text awb-button__text--default\">M\u00e1is informaci\u00f3n<\/span><\/a><\/div><\/div><\/div><div class=\"fusion-layout-column fusion_builder_column fusion-builder-column-3 fusion_builder_column_1_3 1_3 fusion-flex-column fusion-animated\" style=\"--awb-padding-top:30px;--awb-padding-right:50px;--awb-padding-bottom:38px;--awb-padding-left:50px;--awb-padding-right-small:15px;--awb-padding-left-small:15px;--awb-bg-color:#ffffff;--awb-bg-color-hover:#ffffff;--awb-bg-size:cover;--awb-box-shadow:0px 0px 3px 0px #5a7050;;--awb-border-color:#e2e2e2;--awb-border-style:solid;--awb-width-large:33.333333333333%;--awb-flex-grow:0;--awb-flex-shrink:0;--awb-margin-top-large:0px;--awb-spacing-right-large:0px;--awb-margin-bottom-large:20px;--awb-spacing-left-large:5px;--awb-width-medium:100%;--awb-order-medium:0;--awb-flex-grow-medium:0;--awb-flex-shrink-medium:0;--awb-spacing-right-medium:0px;--awb-spacing-left-medium:0px;--awb-width-small:100%;--awb-order-small:0;--awb-flex-grow-small:0;--awb-flex-shrink-small:0;--awb-spacing-right-small:0px;--awb-spacing-left-small:0px;\" data-animationType=\"fadeInDown\" data-animationDuration=\"2.5\" data-animationOffset=\"top-into-view\"><div class=\"fusion-column-wrapper fusion-column-has-shadow fusion-flex-justify-content-flex-start fusion-content-layout-column\"><i class=\"fb-icon-element-3 fb-icon-element fontawesome-icon fa-rocketchat fab circle-yes\" style=\"--awb-circlecolor:#5f4f44;--awb-circlecolor-hover:#b6beb0;--awb-circlebordersize:1px;--awb-font-size:28.16px;--awb-width:56.32px;--awb-height:56.32px;--awb-line-height:54.32px;--awb-align-self:center;--awb-margin-top:0px;--awb-margin-right:0px;--awb-margin-bottom:10px;--awb-margin-left:0px;\"><\/i><div class=\"fusion-title title fusion-title-3 fusion-title-center fusion-title-text fusion-title-size-two\" style=\"--awb-text-color:#5a7050;--awb-margin-bottom:10px;--awb-font-size:24px;\"><div class=\"title-sep-container title-sep-container-left\"><div class=\"title-sep sep- sep-solid\" style=\"border-color:#e0dede;\"><\/div><\/div><span class=\"awb-title-spacer\"><\/span><h2 class=\"fusion-title-heading title-heading-center\" style=\"margin:0;font-size:1em;\"><p>Di\u00e1logo<br \/>\nambiental<\/p><\/h2><span class=\"awb-title-spacer\"><\/span><div class=\"title-sep-container title-sep-container-right\"><div class=\"title-sep sep- sep-solid\" style=\"border-color:#e0dede;\"><\/div><\/div><\/div><div class=\"fusion-text fusion-text-3\"><p style=\"text-align: center;\">Servizos de xesti\u00f3n de conflitos ambientais e procesos de participaci\u00f3n<\/p>\n<\/div><div style=\"text-align:center;\"><a class=\"fusion-button button-flat button-medium button-custom fusion-button-default button-3 fusion-button-default-span \" style=\"--button_accent_color:#4b6b51;--button_border_color:#4b6b51;--button_accent_hover_color:#b6beb0;--button_border_hover_color:#b6beb0;--button_border_width-top:1px;--button_border_width-right:1px;--button_border_width-bottom:1px;--button_border_width-left:1px;--button-border-radius-top-left:0px;--button-border-radius-top-right:0px;--button-border-radius-bottom-right:0px;--button-border-radius-bottom-left:0px;--button_gradient_top_color:#ffffff;--button_gradient_bottom_color:#ffffff;--button_gradient_top_color_hover:#ffffff;--button_gradient_bottom_color_hover:#ffffff;--button_text_transform:uppercase;\" target=\"_self\" href=\"dialogo-ambiental\"><span class=\"fusion-button-text awb-button__text awb-button__text--default\">M\u00e1is informaci\u00f3n<\/span><\/a><\/div><\/div><\/div><\/div><\/div>\n<\/div>\n<\/div><div class=\"fusion-title title fusion-title-4 fusion-title-center fusion-title-text fusion-title-size-two\" style=\"--awb-text-color:#4b6b51;--awb-margin-top:30px;--awb-margin-bottom:20px;--awb-sep-color:#786a5a;\"><div class=\"title-sep-container title-sep-container-left\"><div class=\"title-sep sep-double sep-solid\" style=\"border-color:#786a5a;\"><\/div><\/div><span class=\"awb-title-spacer\"><\/span><h2 class=\"fusion-title-heading title-heading-center\" style=\"margin:0;\">CONSULTOR\u00cdA DE DEREITO AMBIENTAL, DI\u00c1LOGO E SOSTIBILIDADE<\/h2><span class=\"awb-title-spacer\"><\/span><div class=\"title-sep-container title-sep-container-right\"><div class=\"title-sep sep-double sep-solid\" style=\"border-color:#786a5a;\"><\/div><\/div><\/div><div class=\"fusion-text fusion-text-5\" style=\"--awb-font-size:16px;\"><p><span style=\"background-color: rgba(255, 255, 255, 0); color: var(--body_typography-color); font-family: var(--body_typography-font-family); font-style: var(--body_typography-font-style,normal); letter-spacing: var(--body_typography-letter-spacing);\"><strong>Insta<\/strong> \u00e9 un equipo multidisciplinar especializado en dereito ambiental.<\/span> <span style=\"color: var(--body_typography-color); font-family: var(--body_typography-font-family); font-style: var(--body_typography-font-style,normal); letter-spacing: var(--body_typography-letter-spacing); background-color: rgba(255, 255, 255, 0);\">En <strong>Insta<\/strong> integramos co\u00f1ecementos xur\u00eddicos e ambientais para ofrecer servizos personalizados aos clientes e traballamos xuntos pola sustentabilidade base\u00e1ndonos no dominio das ferramentas legais, proporcionando unha visi\u00f3n hol\u00edstica e transversal.<\/span><\/p>\n<p> <span style=\"background-color: rgba(255, 255, 255, 0); color: var(--body_typography-color); font-family: var(--body_typography-font-family); font-style: var(--body_typography-font-style,normal); letter-spacing: var(--body_typography-letter-spacing);\">Ofrecemos servizos de asesoramento, defensa xur\u00eddica e consultor\u00eda en dereito ambiental, servizos de xesti\u00f3n de conflitos ambientais e procesos de participaci\u00f3n, e servizos de consultor\u00eda ambiental, elaboraci\u00f3n de estudos ambientais e an\u00e1lise territorial.<\/span><\/p>\n<\/div><\/div><\/div><\/div><\/div><div class=\"fusion-fullwidth fullwidth-box fusion-builder-row-2 fusion-flex-container has-pattern-background has-mask-background nonhundred-percent-fullwidth non-hundred-percent-height-scrolling\" style=\"--awb-border-radius-top-left:0px;--awb-border-radius-top-right:0px;--awb-border-radius-bottom-right:0px;--awb-border-radius-bottom-left:0px;--awb-flex-wrap:wrap;\" ><div class=\"fusion-builder-row fusion-row fusion-flex-align-items-flex-start fusion-flex-content-wrap\" style=\"max-width:1216.8px;margin-left: calc(-4% \/ 2 );margin-right: calc(-4% \/ 2 );\"><div class=\"fusion-layout-column fusion_builder_column fusion-builder-column-4 fusion_builder_column_1_1 1_1 fusion-flex-column\" style=\"--awb-bg-size:cover;--awb-width-large:100%;--awb-flex-grow:0;--awb-flex-shrink:0;--awb-margin-top-large:0px;--awb-spacing-right-large:1.92%;--awb-margin-bottom-large:20px;--awb-spacing-left-large:1.92%;--awb-width-medium:100%;--awb-order-medium:0;--awb-flex-grow-medium:0;--awb-flex-shrink-medium:0;--awb-spacing-right-medium:1.92%;--awb-spacing-left-medium:1.92%;--awb-width-small:100%;--awb-order-small:0;--awb-flex-grow-small:0;--awb-flex-shrink-small:0;--awb-spacing-right-small:1.92%;--awb-spacing-left-small:1.92%;\"><div class=\"fusion-column-wrapper fusion-column-has-shadow fusion-flex-justify-content-flex-start fusion-content-layout-column\"><div class=\"fusion-text fusion-text-6\"><div data-post-id=\"contacte  \/&gt;&lt;\/div&gt;\" class=\"insert-page insert-page-contacte  \/&gt;&lt;\/div&gt; \"><\/div>\n<\/div><\/div><\/div><\/div><\/div><div class=\"fusion-fullwidth fullwidth-box fusion-builder-row-3 fusion-flex-container has-pattern-background has-mask-background nonhundred-percent-fullwidth non-hundred-percent-height-scrolling\" style=\"--link_hover_color: #4b6b51;--link_color: #4b6b51;--awb-background-position:left top;--awb-border-sizes-top:0px;--awb-border-sizes-bottom:0px;--awb-border-sizes-left:0px;--awb-border-sizes-right:0px;--awb-border-radius-top-left:0px;--awb-border-radius-top-right:0px;--awb-border-radius-bottom-right:0px;--awb-border-radius-bottom-left:0px;--awb-padding-top:72px;--awb-padding-bottom:52px;--awb-background-color:#ffffff;--awb-flex-wrap:wrap;\" ><div class=\"fusion-builder-row fusion-row fusion-flex-align-items-stretch fusion-flex-content-wrap\" style=\"max-width:1216.8px;margin-left: calc(-4% \/ 2 );margin-right: calc(-4% \/ 2 );\"><div class=\"fusion-layout-column fusion_builder_column fusion-builder-column-5 fusion_builder_column_1_1 1_1 fusion-flex-column\" style=\"--awb-bg-size:cover;--awb-width-large:100%;--awb-flex-grow:0;--awb-flex-shrink:0;--awb-margin-top-large:0px;--awb-spacing-right-large:2.88%;--awb-margin-bottom-large:20px;--awb-spacing-left-large:1.92%;--awb-width-medium:100%;--awb-flex-grow-medium:0;--awb-flex-shrink-medium:0;--awb-spacing-right-medium:1.92%;--awb-spacing-left-medium:1.92%;--awb-width-small:100%;--awb-flex-grow-small:0;--awb-flex-shrink-small:0;--awb-spacing-right-small:1.92%;--awb-spacing-left-small:1.92%;\"><div class=\"fusion-column-wrapper fusion-flex-justify-content-flex-start fusion-content-layout-column\"><div class=\"fusion-image-element \" style=\"text-align:center;--awb-max-width:400px;--awb-caption-title-font-family:var(--h2_typography-font-family);--awb-caption-title-font-weight:var(--h2_typography-font-weight);--awb-caption-title-font-style:var(--h2_typography-font-style);--awb-caption-title-size:var(--h2_typography-font-size);--awb-caption-title-transform:var(--h2_typography-text-transform);--awb-caption-title-line-height:var(--h2_typography-line-height);--awb-caption-title-letter-spacing:var(--h2_typography-letter-spacing);\"><span class=\" fusion-imageframe imageframe-none imageframe-1 hover-type-none\"><a class=\"fusion-no-lightbox\" href=\"https:\/\/www.unergica.org\/\" target=\"_blank\" aria-label=\"Cor do logotipo de Unergica\" rel=\"noopener noreferrer\"><img decoding=\"async\" width=\"300\" height=\"64\" src=\"https:\/\/instajuridic.com\/wp-content\/uploads\/2025\/12\/UnergicaLogo_Color-300x64.png\" alt class=\"img-responsive wp-image-7721\" srcset=\"https:\/\/instajuridic.com\/wp-content\/uploads\/2025\/12\/UnergicaLogo_Color-200x43.png 200w, https:\/\/instajuridic.com\/wp-content\/uploads\/2025\/12\/UnergicaLogo_Color-400x85.png 400w, https:\/\/instajuridic.com\/wp-content\/uploads\/2025\/12\/UnergicaLogo_Color-600x128.png 600w, https:\/\/instajuridic.com\/wp-content\/uploads\/2025\/12\/UnergicaLogo_Color-800x171.png 800w, https:\/\/instajuridic.com\/wp-content\/uploads\/2025\/12\/UnergicaLogo_Color-1200x256.png 1200w\" sizes=\"(max-width: 1024px) 100vw, (max-width: 850px) 100vw, 1200px\" \/><\/a><\/span><\/div><div class=\"fusion-text fusion-text-7\"><p style=\"text-align: center;\">Servizos de apoio para comunidades enerx\u00e9ticas<\/p>\n<\/div><\/div><\/div><\/div><\/div><div class=\"fusion-fullwidth fullwidth-box fusion-builder-row-4 fusion-flex-container nonhundred-percent-fullwidth non-hundred-percent-height-scrolling\" style=\"--link_hover_color: #4b6b51;--link_color: #4b6b51;--awb-background-position:left top;--awb-border-sizes-top:0px;--awb-border-sizes-bottom:0px;--awb-border-sizes-left:0px;--awb-border-sizes-right:0px;--awb-border-radius-top-left:0px;--awb-border-radius-top-right:0px;--awb-border-radius-bottom-right:0px;--awb-border-radius-bottom-left:0px;--awb-padding-top:72px;--awb-padding-bottom:52px;--awb-background-color:#5f4f44;--awb-flex-wrap:wrap;\" ><div class=\"fusion-builder-row fusion-row fusion-flex-align-items-stretch fusion-flex-content-wrap\" style=\"max-width:1216.8px;margin-left: calc(-4% \/ 2 );margin-right: calc(-4% \/ 2 );\"><div class=\"fusion-layout-column fusion_builder_column fusion-builder-column-6 fusion_builder_column_1_1 1_1 fusion-flex-column\" style=\"--awb-bg-size:cover;--awb-width-large:100%;--awb-flex-grow:0;--awb-flex-shrink:0;--awb-margin-top-large:0px;--awb-spacing-right-large:2.88%;--awb-margin-bottom-large:20px;--awb-spacing-left-large:1.92%;--awb-width-medium:100%;--awb-flex-grow-medium:0;--awb-flex-shrink-medium:0;--awb-spacing-right-medium:1.92%;--awb-spacing-left-medium:1.92%;--awb-width-small:100%;--awb-flex-grow-small:0;--awb-flex-shrink-small:0;--awb-spacing-right-small:1.92%;--awb-spacing-left-small:1.92%;\"><div class=\"fusion-column-wrapper fusion-flex-justify-content-flex-start fusion-content-layout-column\"><div class=\"fusion-title title fusion-title-5 fusion-title-center fusion-title-text fusion-title-size-two fusion-animated\" style=\"--awb-text-color:#ffffff;\" data-animationType=\"fadeInLeft\" data-animationDuration=\"1.0\" data-animationOffset=\"top-into-view\"><div class=\"title-sep-container title-sep-container-left\"><div class=\"title-sep sep- sep-solid\" style=\"border-color:#e0dede;\"><\/div><\/div><span class=\"awb-title-spacer\"><\/span><h2 class=\"fusion-title-heading title-heading-center\" style=\"margin:0;\">Queres que te axudemos? &#8211; Contacta connosco<\/h2><span class=\"awb-title-spacer\"><\/span><div class=\"title-sep-container title-sep-container-right\"><div class=\"title-sep sep- sep-solid\" style=\"border-color:#e0dede;\"><\/div><\/div><\/div><div style=\"text-align:center;\"><a class=\"fusion-button button-flat button-xlarge button-custom fusion-button-default button-4 fusion-button-default-span fusion-button-default-type fusion-animated\" style=\"--button_accent_color:#5c5e0a;--button_accent_hover_color:#ffffff;--button_border_hover_color:#ffffff;--button_gradient_top_color:#ffffff;--button_gradient_bottom_color:#ffffff;--button_gradient_top_color_hover:#4b6b51;--button_gradient_bottom_color_hover:#4b6b51;--button_text_transform:uppercase;--button_margin-top:15px;\" data-animationType=\"fadeInRight\" data-animationDuration=\"1.0\" data-animationOffset=\"top-into-view\" target=\"_self\" href=\"contacto\/\"><i class=\"fa-address-book far awb-button__icon awb-button__icon--default button-icon-left\" aria-hidden=\"true\"><\/i><span class=\"fusion-button-text awb-button__text awb-button__text--default\">Contacto<\/span><\/a><\/div><\/div><\/div><\/div><\/div><div class=\"fusion-fullwidth fullwidth-box fusion-builder-row-5 fusion-flex-container nonhundred-percent-fullwidth non-hundred-percent-height-scrolling fusion-animated\" style=\"--awb-border-radius-top-left:0px;--awb-border-radius-top-right:0px;--awb-border-radius-bottom-right:0px;--awb-border-radius-bottom-left:0px;--awb-padding-top:80px;--awb-background-color:#ffffff;--awb-background-image:linear-gradient(180deg, #ffffff 0%,#ededed 100%);--awb-flex-wrap:wrap;\" data-animationType=\"fadeInDown\" data-animationDuration=\"1.0\" data-animationOffset=\"top-into-view\" ><div class=\"fusion-builder-row fusion-row fusion-flex-align-items-flex-start fusion-flex-content-wrap\" style=\"max-width:1216.8px;margin-left: calc(-4% \/ 2 );margin-right: calc(-4% \/ 2 );\"><div class=\"fusion-layout-column fusion_builder_column fusion-builder-column-7 fusion_builder_column_1_1 1_1 fusion-flex-column\" style=\"--awb-padding-bottom:0px;--awb-bg-size:cover;--awb-width-large:100%;--awb-flex-grow:0;--awb-flex-shrink:0;--awb-margin-top-large:0px;--awb-spacing-right-large:1.92%;--awb-margin-bottom-large:20px;--awb-spacing-left-large:1.92%;--awb-width-medium:100%;--awb-order-medium:0;--awb-flex-grow-medium:0;--awb-flex-shrink-medium:0;--awb-spacing-right-medium:1.92%;--awb-spacing-left-medium:1.92%;--awb-width-small:100%;--awb-order-small:0;--awb-flex-grow-small:0;--awb-flex-shrink-small:0;--awb-spacing-right-small:1.92%;--awb-spacing-left-small:1.92%;\"><div class=\"fusion-column-wrapper fusion-column-has-shadow fusion-flex-justify-content-flex-start fusion-content-layout-column\"><div class=\"fusion-builder-row fusion-builder-row-inner fusion-row fusion-flex-align-items-flex-start fusion-flex-content-wrap\" style=\"width:104% !important;max-width:104% !important;margin-left: calc(-4% \/ 2 );margin-right: calc(-4% \/ 2 );\"><div class=\"fusion-layout-column fusion_builder_column_inner fusion-builder-nested-column-0 fusion_builder_column_inner_4_5 4_5 fusion-flex-column\" style=\"--awb-bg-size:cover;--awb-width-large:80%;--awb-margin-top-large:0px;--awb-spacing-right-large:2.4%;--awb-margin-bottom-large:20px;--awb-spacing-left-large:2.4%;--awb-width-medium:100%;--awb-order-medium:0;--awb-spacing-right-medium:1.92%;--awb-spacing-left-medium:1.92%;--awb-width-small:100%;--awb-order-small:0;--awb-spacing-right-small:1.92%;--awb-spacing-left-small:1.92%;\"><div class=\"fusion-column-wrapper fusion-column-has-shadow fusion-flex-justify-content-flex-start fusion-content-layout-column\"><div class=\"fusion-title title fusion-title-6 fusion-title-text fusion-title-size-two\" style=\"--awb-text-color:#4b6b51;--awb-sep-color:#786a5a;\"><div class=\"title-sep-container title-sep-container-left fusion-no-large-visibility fusion-no-medium-visibility fusion-no-small-visibility\"><div class=\"title-sep sep-double sep-solid\" style=\"border-color:#786a5a;\"><\/div><\/div><span class=\"awb-title-spacer fusion-no-large-visibility fusion-no-medium-visibility fusion-no-small-visibility\"><\/span><h2 class=\"fusion-title-heading title-heading-left\" style=\"margin:0;\">PROXECTOS DESTACADOS<\/h2><span class=\"awb-title-spacer\"><\/span><div class=\"title-sep-container title-sep-container-right\"><div class=\"title-sep sep-double sep-solid\" style=\"border-color:#786a5a;\"><\/div><\/div><\/div><\/div><\/div><div class=\"fusion-layout-column fusion_builder_column_inner fusion-builder-nested-column-1 fusion_builder_column_inner_1_5 1_5 fusion-flex-column\" style=\"--awb-bg-size:cover;--awb-width-large:20%;--awb-margin-top-large:0px;--awb-spacing-right-large:9.6%;--awb-margin-bottom-large:20px;--awb-spacing-left-large:9.6%;--awb-width-medium:100%;--awb-order-medium:0;--awb-spacing-right-medium:1.92%;--awb-spacing-left-medium:1.92%;--awb-width-small:100%;--awb-order-small:0;--awb-spacing-right-small:1.92%;--awb-spacing-left-small:1.92%;\"><div class=\"fusion-column-wrapper fusion-column-has-shadow fusion-flex-justify-content-flex-start fusion-content-layout-column\"><div style=\"text-align:right;\"><a class=\"fusion-button button-flat button-small button-default fusion-button-default button-5 fusion-button-default-span fusion-button-default-type\" style=\"--button_text_transform:uppercase;\" target=\"_self\" href=\"\/projectes\/\"><span class=\"fusion-button-text awb-button__text awb-button__text--default\">Ver todo<\/span><\/a><\/div><\/div><\/div><\/div><div class=\"fusion-recent-works fusion-portfolio-element fusion-portfolio fusion-portfolio-1 fusion-portfolio-carousel fusion-portfolio-paging-pagination recent-works-carousel portfolio-carousel picture-size-auto fusion-portfolio-rollover\" data-id=\"-rw-1\"><div class=\"awb-carousel awb-swiper awb-swiper-carousel fusion-carousel-title-below-image\" style=\"--awb-columns:3;\" data-metacontent=\"yes\" data-autoplay=\"no\" data-columns=\"3\" data-itemmargin=\"12\" data-itemwidth=\"180\" data-touchscroll=\"no\" data-imagesize=\"auto\"><div class=\"swiper-wrapper\"><div class=\"swiper-slide\"><div class=\"fusion-carousel-item-wrapper\"><span class=\"entry-title rich-snippet-hidden\">Estudo comparativo sobre a ciberseguridade enerx\u00e9tica<\/span><span class=\"vcard rich-snippet-hidden\"><span class=\"fn\"><a href=\"https:\/\/instajuridic.com\/gl\/author\/admin\/\" title=\"Artigos de Insta\" rel=\"author\">Insta<\/a><\/span><\/span><span class=\"updated rich-snippet-hidden\">2025-12-30T07:58:20+00:00<\/span><div  class=\"fusion-image-wrapper\" aria-haspopup=\"true\">\n\t\t\t\t<img decoding=\"async\" width=\"1536\" height=\"1024\" src=\"https:\/\/instajuridic.com\/wp-content\/uploads\/2025\/12\/Noticia-Ciberseguretat-CIEMAT.jpg\" class=\"attachment-full size-full wp-post-image\" alt=\"\" srcset=\"https:\/\/instajuridic.com\/wp-content\/uploads\/2025\/12\/Noticia-Ciberseguretat-CIEMAT-200x133.jpg 200w, https:\/\/instajuridic.com\/wp-content\/uploads\/2025\/12\/Noticia-Ciberseguretat-CIEMAT-400x267.jpg 400w, https:\/\/instajuridic.com\/wp-content\/uploads\/2025\/12\/Noticia-Ciberseguretat-CIEMAT-600x400.jpg 600w, https:\/\/instajuridic.com\/wp-content\/uploads\/2025\/12\/Noticia-Ciberseguretat-CIEMAT-800x533.jpg 800w, https:\/\/instajuridic.com\/wp-content\/uploads\/2025\/12\/Noticia-Ciberseguretat-CIEMAT-1200x800.jpg 1200w, https:\/\/instajuridic.com\/wp-content\/uploads\/2025\/12\/Noticia-Ciberseguretat-CIEMAT.jpg 1536w\" sizes=\"(min-width: 2200px) 100vw, (min-width: 824px) 382px, (min-width: 732px) 573px, (min-width: 640px) 732px, \" \/><div class=\"fusion-rollover\">\n\t<div class=\"fusion-rollover-content\">\n\n\t\t\t\t\t\t\t\t\t\t\t\t\t\t<a class=\"fusion-rollover-link\" href=\"https:\/\/instajuridic.com\/gl\/portfolio-items\/estudi-comparat-sobre-ciberseguretat-energetica\/\">Estudo comparativo sobre a ciberseguridade enerx\u00e9tica<\/a>\n\t\t\t\n\t\t\t\t\t\t\t\t\t\t\t\t\t\t\n\t\t\t\t\t\t\t\t\n\t\t\t\t\t\t\t\t\t\t\t\t\t<div class=\"fusion-rollover-sep\"><\/div>\n\t\t\t\t\n\t\t\t\t\t\t\t\t\t\t\t\t\t\t\t\t\t\t<a class=\"fusion-rollover-gallery\" href=\"https:\/\/instajuridic.com\/wp-content\/uploads\/2025\/12\/Noticia-Ciberseguretat-CIEMAT.jpg\" data-options=\"\" data-id=\"7849\" data-rel=\"iLightbox[gallery-rw-1]\" data-title=\"Novas - Ciberseguridade (CIEMAT)\" data-caption=\"\">\n\t\t\t\t\t\tGallery\t\t\t\t\t<\/a>\n\t\t\t\t\t\t\t\t\t\t\t\t\t\t\n\t\t\n\t\t\t\t\t\t\t\t\n\t\t\t\t\t\t\t\t\t\t<div class=\"fusion-rollover-categories\"><a href=\"https:\/\/instajuridic.com\/gl\/portfolio_category\/dereito-ambiental\/\" rel=\"tag\">Dereito Ambiental<\/a>, <a href=\"https:\/\/instajuridic.com\/gl\/portfolio_category\/destacado-gl\/\" rel=\"tag\">Destacado<\/a><\/div>\t\t\t\t\t\n\t\t\n\t\t\t\t\t\t<a class=\"fusion-link-wrapper\" href=\"https:\/\/instajuridic.com\/gl\/portfolio-items\/estudi-comparat-sobre-ciberseguretat-energetica\/\" aria-label=\"Estudo comparativo sobre a ciberseguridade enerx\u00e9tica\"><\/a>\n\t<\/div>\n<\/div>\n<\/div>\n<h4 class=\"fusion-carousel-title\"><a href=\"https:\/\/instajuridic.com\/gl\/portfolio-items\/estudi-comparat-sobre-ciberseguretat-energetica\/\" target=\"_self\">Estudo comparativo sobre a ciberseguridade enerx\u00e9tica<\/a><\/h4><div class=\"fusion-carousel-meta\"><a href=\"https:\/\/instajuridic.com\/gl\/portfolio_category\/dereito-ambiental\/\" rel=\"tag\">Dereito Ambiental<\/a>, <a href=\"https:\/\/instajuridic.com\/gl\/portfolio_category\/destacado-gl\/\" rel=\"tag\">Destacado<\/a><\/div><\/div><\/div><div class=\"swiper-slide\"><div class=\"fusion-carousel-item-wrapper\"><span class=\"entry-title rich-snippet-hidden\">Informe xur\u00eddico e fiscal para a transferencia de propiedades da Fundaci\u00f3n Emprius a proxectos comunitarios<\/span><span class=\"vcard rich-snippet-hidden\"><span class=\"fn\"><a href=\"https:\/\/instajuridic.com\/gl\/author\/admin\/\" title=\"Artigos de Insta\" rel=\"author\">Insta<\/a><\/span><\/span><span class=\"updated rich-snippet-hidden\">2025-12-30T07:56:45+00:00<\/span><div  class=\"fusion-image-wrapper\" aria-haspopup=\"true\">\n\t\t\t\t<img decoding=\"async\" width=\"1600\" height=\"910\" src=\"https:\/\/instajuridic.com\/wp-content\/uploads\/2025\/12\/Noticia-Fundacio-Emprius.jpg\" class=\"attachment-full size-full wp-post-image\" alt=\"\" srcset=\"https:\/\/instajuridic.com\/wp-content\/uploads\/2025\/12\/Noticia-Fundacio-Emprius-200x114.jpg 200w, https:\/\/instajuridic.com\/wp-content\/uploads\/2025\/12\/Noticia-Fundacio-Emprius-400x228.jpg 400w, https:\/\/instajuridic.com\/wp-content\/uploads\/2025\/12\/Noticia-Fundacio-Emprius-600x341.jpg 600w, https:\/\/instajuridic.com\/wp-content\/uploads\/2025\/12\/Noticia-Fundacio-Emprius-800x455.jpg 800w, https:\/\/instajuridic.com\/wp-content\/uploads\/2025\/12\/Noticia-Fundacio-Emprius-1200x683.jpg 1200w, https:\/\/instajuridic.com\/wp-content\/uploads\/2025\/12\/Noticia-Fundacio-Emprius.jpg 1600w\" sizes=\"(min-width: 2200px) 100vw, (min-width: 824px) 382px, (min-width: 732px) 573px, (min-width: 640px) 732px, \" \/><div class=\"fusion-rollover\">\n\t<div class=\"fusion-rollover-content\">\n\n\t\t\t\t\t\t\t\t\t\t\t\t\t\t<a class=\"fusion-rollover-link\" href=\"https:\/\/instajuridic.com\/gl\/portfolio-items\/informe-juridic-i-fiscal-per-a-la-cessio-dimmobles-de-la-fundacio-emprius-a-projectes-comunitaris\/\">Informe xur\u00eddico e fiscal para a transferencia de propiedades da Fundaci\u00f3n Emprius a proxectos comunitarios<\/a>\n\t\t\t\n\t\t\t\t\t\t\t\t\t\t\t\t\t\t\n\t\t\t\t\t\t\t\t\n\t\t\t\t\t\t\t\t\t\t\t\t\t<div class=\"fusion-rollover-sep\"><\/div>\n\t\t\t\t\n\t\t\t\t\t\t\t\t\t\t\t\t\t\t\t\t\t\t<a class=\"fusion-rollover-gallery\" href=\"https:\/\/instajuridic.com\/wp-content\/uploads\/2025\/12\/Noticia-Fundacio-Emprius.jpg\" data-options=\"\" data-id=\"7838\" data-rel=\"iLightbox[gallery-rw-1]\" data-title=\"Novas - Fundaci\u00f3n Emprius\" data-caption=\"\">\n\t\t\t\t\t\tGallery\t\t\t\t\t<\/a>\n\t\t\t\t\t\t\t\t\t\t\t\t\t\t\n\t\t\n\t\t\t\t\t\t\t\t\n\t\t\t\t\t\t\t\t\t\t<div class=\"fusion-rollover-categories\"><a href=\"https:\/\/instajuridic.com\/gl\/portfolio_category\/dereito-ambiental\/\" rel=\"tag\">Dereito Ambiental<\/a>, <a href=\"https:\/\/instajuridic.com\/gl\/portfolio_category\/destacado-gl\/\" rel=\"tag\">Destacado<\/a><\/div>\t\t\t\t\t\n\t\t\n\t\t\t\t\t\t<a class=\"fusion-link-wrapper\" href=\"https:\/\/instajuridic.com\/gl\/portfolio-items\/informe-juridic-i-fiscal-per-a-la-cessio-dimmobles-de-la-fundacio-emprius-a-projectes-comunitaris\/\" aria-label=\"Informe xur\u00eddico e fiscal para a transferencia de propiedades da Fundaci\u00f3n Emprius a proxectos comunitarios\"><\/a>\n\t<\/div>\n<\/div>\n<\/div>\n<h4 class=\"fusion-carousel-title\"><a href=\"https:\/\/instajuridic.com\/gl\/portfolio-items\/informe-juridic-i-fiscal-per-a-la-cessio-dimmobles-de-la-fundacio-emprius-a-projectes-comunitaris\/\" target=\"_self\">Informe xur\u00eddico e fiscal para a transferencia de propiedades da Fundaci\u00f3n Emprius a proxectos comunitarios<\/a><\/h4><div class=\"fusion-carousel-meta\"><a href=\"https:\/\/instajuridic.com\/gl\/portfolio_category\/dereito-ambiental\/\" rel=\"tag\">Dereito Ambiental<\/a>, <a href=\"https:\/\/instajuridic.com\/gl\/portfolio_category\/destacado-gl\/\" rel=\"tag\">Destacado<\/a><\/div><\/div><\/div><div class=\"swiper-slide\"><div class=\"fusion-carousel-item-wrapper\"><span class=\"entry-title rich-snippet-hidden\">Informe para Greenpeace Espa\u00f1a sobre a participaci\u00f3n cidad\u00e1 e a distribuci\u00f3n xusta dos beneficios en proxectos renovables<\/span><span class=\"vcard rich-snippet-hidden\"><span class=\"fn\"><a href=\"https:\/\/instajuridic.com\/gl\/author\/admin\/\" title=\"Artigos de Insta\" rel=\"author\">Insta<\/a><\/span><\/span><span class=\"updated rich-snippet-hidden\">2025-12-30T07:55:46+00:00<\/span><div  class=\"fusion-image-wrapper\" aria-haspopup=\"true\">\n\t\t\t\t<img decoding=\"async\" width=\"1280\" height=\"720\" src=\"https:\/\/instajuridic.com\/wp-content\/uploads\/2025\/12\/Noticia-Informe-Greenpeace.png\" class=\"attachment-full size-full wp-post-image\" alt=\"\" srcset=\"https:\/\/instajuridic.com\/wp-content\/uploads\/2025\/12\/Noticia-Informe-Greenpeace-200x113.png 200w, https:\/\/instajuridic.com\/wp-content\/uploads\/2025\/12\/Noticia-Informe-Greenpeace-400x225.png 400w, https:\/\/instajuridic.com\/wp-content\/uploads\/2025\/12\/Noticia-Informe-Greenpeace-600x338.png 600w, https:\/\/instajuridic.com\/wp-content\/uploads\/2025\/12\/Noticia-Informe-Greenpeace-800x450.png 800w, https:\/\/instajuridic.com\/wp-content\/uploads\/2025\/12\/Noticia-Informe-Greenpeace-1200x675.png 1200w, https:\/\/instajuridic.com\/wp-content\/uploads\/2025\/12\/Noticia-Informe-Greenpeace.png 1280w\" sizes=\"(min-width: 2200px) 100vw, (min-width: 824px) 382px, (min-width: 732px) 573px, (min-width: 640px) 732px, \" \/><div class=\"fusion-rollover\">\n\t<div class=\"fusion-rollover-content\">\n\n\t\t\t\t\t\t\t\t\t\t\t\t\t\t<a class=\"fusion-rollover-link\" href=\"https:\/\/instajuridic.com\/gl\/portfolio-items\/informe-per-a-greenpeace-espana-sobre-participacio-ciutadana-i-repartiment-just-de-beneficis-en-projectes-renovables\/\">Informe para Greenpeace Espa\u00f1a sobre a participaci\u00f3n cidad\u00e1 e a distribuci\u00f3n xusta dos beneficios en proxectos renovables<\/a>\n\t\t\t\n\t\t\t\t\t\t\t\t\t\t\t\t\t\t\n\t\t\t\t\t\t\t\t\n\t\t\t\t\t\t\t\t\t\t\t\t\t<div class=\"fusion-rollover-sep\"><\/div>\n\t\t\t\t\n\t\t\t\t\t\t\t\t\t\t\t\t\t\t\t\t\t\t<a class=\"fusion-rollover-gallery\" href=\"https:\/\/instajuridic.com\/wp-content\/uploads\/2025\/12\/Noticia-Informe-Greenpeace.png\" data-options=\"\" data-id=\"7825\" data-rel=\"iLightbox[gallery-rw-1]\" data-title=\"Novas - Informe de Greenpeace\" data-caption=\"\">\n\t\t\t\t\t\tGallery\t\t\t\t\t<\/a>\n\t\t\t\t\t\t\t\t\t\t\t\t\t\t\n\t\t\n\t\t\t\t\t\t\t\t\n\t\t\t\t\t\t\t\t\t\t<div class=\"fusion-rollover-categories\"><a href=\"https:\/\/instajuridic.com\/gl\/portfolio_category\/dereito-ambiental\/\" rel=\"tag\">Dereito Ambiental<\/a>, <a href=\"https:\/\/instajuridic.com\/gl\/portfolio_category\/destacado-gl\/\" rel=\"tag\">Destacado<\/a><\/div>\t\t\t\t\t\n\t\t\n\t\t\t\t\t\t<a class=\"fusion-link-wrapper\" href=\"https:\/\/instajuridic.com\/gl\/portfolio-items\/informe-per-a-greenpeace-espana-sobre-participacio-ciutadana-i-repartiment-just-de-beneficis-en-projectes-renovables\/\" aria-label=\"Informe para Greenpeace Espa\u00f1a sobre a participaci\u00f3n cidad\u00e1 e a distribuci\u00f3n xusta dos beneficios en proxectos renovables\"><\/a>\n\t<\/div>\n<\/div>\n<\/div>\n<h4 class=\"fusion-carousel-title\"><a href=\"https:\/\/instajuridic.com\/gl\/portfolio-items\/informe-per-a-greenpeace-espana-sobre-participacio-ciutadana-i-repartiment-just-de-beneficis-en-projectes-renovables\/\" target=\"_self\">Informe para Greenpeace Espa\u00f1a sobre a participaci\u00f3n cidad\u00e1 e a distribuci\u00f3n xusta dos beneficios en proxectos renovables<\/a><\/h4><div class=\"fusion-carousel-meta\"><a href=\"https:\/\/instajuridic.com\/gl\/portfolio_category\/dereito-ambiental\/\" rel=\"tag\">Dereito Ambiental<\/a>, <a href=\"https:\/\/instajuridic.com\/gl\/portfolio_category\/destacado-gl\/\" rel=\"tag\">Destacado<\/a><\/div><\/div><\/div><div class=\"swiper-slide\"><div class=\"fusion-carousel-item-wrapper\"><span class=\"entry-title rich-snippet-hidden\">Dinamizaci\u00f3n participativa para a implantaci\u00f3n de enerx\u00edas renovables na comarca da Cerdanya<\/span><span class=\"vcard rich-snippet-hidden\"><span class=\"fn\"><a href=\"https:\/\/instajuridic.com\/gl\/author\/admin\/\" title=\"Artigos de Insta\" rel=\"author\">Insta<\/a><\/span><\/span><span class=\"updated rich-snippet-hidden\">2025-12-19T06:39:04+00:00<\/span><div  class=\"fusion-image-wrapper\" aria-haspopup=\"true\">\n\t\t\t\t<img decoding=\"async\" width=\"1600\" height=\"1200\" src=\"https:\/\/instajuridic.com\/wp-content\/uploads\/2025\/12\/1.jpg\" class=\"attachment-full size-full wp-post-image\" alt=\"\" srcset=\"https:\/\/instajuridic.com\/wp-content\/uploads\/2025\/12\/1-200x150.jpg 200w, https:\/\/instajuridic.com\/wp-content\/uploads\/2025\/12\/1-400x300.jpg 400w, https:\/\/instajuridic.com\/wp-content\/uploads\/2025\/12\/1-600x450.jpg 600w, https:\/\/instajuridic.com\/wp-content\/uploads\/2025\/12\/1-800x600.jpg 800w, https:\/\/instajuridic.com\/wp-content\/uploads\/2025\/12\/1-1200x900.jpg 1200w, https:\/\/instajuridic.com\/wp-content\/uploads\/2025\/12\/1.jpg 1600w\" sizes=\"(min-width: 2200px) 100vw, (min-width: 824px) 382px, (min-width: 732px) 573px, (min-width: 640px) 732px, \" \/><div class=\"fusion-rollover\">\n\t<div class=\"fusion-rollover-content\">\n\n\t\t\t\t\t\t\t\t\t\t\t\t\t\t<a class=\"fusion-rollover-link\" href=\"https:\/\/instajuridic.com\/gl\/portfolio-items\/dinamitzacio-participativa-per-a-la-implementacio-de-les-energies-renovables-a-la-comarca-de-la-cerdanya\/\">Dinamizaci\u00f3n participativa para a implantaci\u00f3n de enerx\u00edas renovables na comarca da Cerdanya<\/a>\n\t\t\t\n\t\t\t\t\t\t\t\t\t\t\t\t\t\t\n\t\t\t\t\t\t\t\t\n\t\t\t\t\t\t\t\t\t\t\t\t\t<div class=\"fusion-rollover-sep\"><\/div>\n\t\t\t\t\n\t\t\t\t\t\t\t\t\t\t\t\t\t\t\t\t\t\t<a class=\"fusion-rollover-gallery\" href=\"https:\/\/instajuridic.com\/wp-content\/uploads\/2025\/12\/1.jpg\" data-options=\"\" data-id=\"7791\" data-rel=\"iLightbox[gallery-rw-1]\" data-title=\"1\" data-caption=\"\">\n\t\t\t\t\t\tGallery\t\t\t\t\t<\/a>\n\t\t\t\t\t\t\t\t\t\t\t\t\t\t\n\t\t\n\t\t\t\t\t\t\t\t\n\t\t\t\t\t\t\t\t\t\t<div class=\"fusion-rollover-categories\"><a href=\"https:\/\/instajuridic.com\/gl\/portfolio_category\/destacado-gl\/\" rel=\"tag\">Destacado<\/a>, <a href=\"https:\/\/instajuridic.com\/gl\/portfolio_category\/dialogo-ambiental-gl\/\" rel=\"tag\">Di\u00e1logo ambiental<\/a>, <a href=\"https:\/\/instajuridic.com\/gl\/portfolio_category\/estudos-ambientais-e-territoriais\/\" rel=\"tag\">Estudos Ambientais e Territoriais<\/a><\/div>\t\t\t\t\t\n\t\t\n\t\t\t\t\t\t<a class=\"fusion-link-wrapper\" href=\"https:\/\/instajuridic.com\/gl\/portfolio-items\/dinamitzacio-participativa-per-a-la-implementacio-de-les-energies-renovables-a-la-comarca-de-la-cerdanya\/\" aria-label=\"Dinamizaci\u00f3n participativa para a implantaci\u00f3n de enerx\u00edas renovables na comarca da Cerdanya\"><\/a>\n\t<\/div>\n<\/div>\n<\/div>\n<h4 class=\"fusion-carousel-title\"><a href=\"https:\/\/instajuridic.com\/gl\/portfolio-items\/dinamitzacio-participativa-per-a-la-implementacio-de-les-energies-renovables-a-la-comarca-de-la-cerdanya\/\" target=\"_self\">Dinamizaci\u00f3n participativa para a implantaci\u00f3n de enerx\u00edas renovables na comarca da Cerdanya<\/a><\/h4><div class=\"fusion-carousel-meta\"><a href=\"https:\/\/instajuridic.com\/gl\/portfolio_category\/destacado-gl\/\" rel=\"tag\">Destacado<\/a>, <a href=\"https:\/\/instajuridic.com\/gl\/portfolio_category\/dialogo-ambiental-gl\/\" rel=\"tag\">Di\u00e1logo ambiental<\/a>, <a href=\"https:\/\/instajuridic.com\/gl\/portfolio_category\/estudos-ambientais-e-territoriais\/\" rel=\"tag\">Estudos Ambientais e Territoriais<\/a><\/div><\/div><\/div><div class=\"swiper-slide\"><div class=\"fusion-carousel-item-wrapper\"><span class=\"entry-title rich-snippet-hidden\">Plan de sustentabilidade do Americana Film Fest<\/span><span class=\"vcard rich-snippet-hidden\"><span class=\"fn\"><a href=\"https:\/\/instajuridic.com\/gl\/author\/admin\/\" title=\"Artigos de Insta\" rel=\"author\">Insta<\/a><\/span><\/span><span class=\"updated rich-snippet-hidden\">2025-12-19T06:36:06+00:00<\/span><div  class=\"fusion-image-wrapper\" aria-haspopup=\"true\">\n\t\t\t\t<img decoding=\"async\" width=\"2560\" height=\"1707\" src=\"https:\/\/instajuridic.com\/wp-content\/uploads\/2025\/12\/Americana-scaled.jpeg\" class=\"attachment-full size-full wp-post-image\" alt=\"\" srcset=\"https:\/\/instajuridic.com\/wp-content\/uploads\/2025\/12\/Americana-200x133.jpeg 200w, https:\/\/instajuridic.com\/wp-content\/uploads\/2025\/12\/Americana-400x267.jpeg 400w, https:\/\/instajuridic.com\/wp-content\/uploads\/2025\/12\/Americana-600x400.jpeg 600w, https:\/\/instajuridic.com\/wp-content\/uploads\/2025\/12\/Americana-800x533.jpeg 800w, https:\/\/instajuridic.com\/wp-content\/uploads\/2025\/12\/Americana-1200x800.jpeg 1200w, https:\/\/instajuridic.com\/wp-content\/uploads\/2025\/12\/Americana-scaled.jpeg 2560w\" sizes=\"(min-width: 2200px) 100vw, (min-width: 824px) 382px, (min-width: 732px) 573px, (min-width: 640px) 732px, \" \/><div class=\"fusion-rollover\">\n\t<div class=\"fusion-rollover-content\">\n\n\t\t\t\t\t\t\t\t\t\t\t\t\t\t<a class=\"fusion-rollover-link\" href=\"https:\/\/instajuridic.com\/gl\/portfolio-items\/pla-de-sostenibilitat-americana-film-fest\/\">Plan de sustentabilidade do Americana Film Fest<\/a>\n\t\t\t\n\t\t\t\t\t\t\t\t\t\t\t\t\t\t\n\t\t\t\t\t\t\t\t\n\t\t\t\t\t\t\t\t\t\t\t\t\t<div class=\"fusion-rollover-sep\"><\/div>\n\t\t\t\t\n\t\t\t\t\t\t\t\t\t\t\t\t\t\t\t\t\t\t<a class=\"fusion-rollover-gallery\" href=\"https:\/\/instajuridic.com\/wp-content\/uploads\/2025\/12\/Americana-scaled.jpeg\" data-options=\"\" data-id=\"7780\" data-rel=\"iLightbox[gallery-rw-1]\" data-title=\"Americano\" data-caption=\"\">\n\t\t\t\t\t\tGallery\t\t\t\t\t<\/a>\n\t\t\t\t\t\t\t\t\t\t\t\t\t\t\n\t\t\n\t\t\t\t\t\t\t\t\n\t\t\t\t\t\t\t\t\t\t<div class=\"fusion-rollover-categories\"><a href=\"https:\/\/instajuridic.com\/gl\/portfolio_category\/destacado-gl\/\" rel=\"tag\">Destacado<\/a>, <a href=\"https:\/\/instajuridic.com\/gl\/portfolio_category\/estudos-ambientais-e-territoriais\/\" rel=\"tag\">Estudos Ambientais e Territoriais<\/a><\/div>\t\t\t\t\t\n\t\t\n\t\t\t\t\t\t<a class=\"fusion-link-wrapper\" href=\"https:\/\/instajuridic.com\/gl\/portfolio-items\/pla-de-sostenibilitat-americana-film-fest\/\" aria-label=\"Plan de sustentabilidade do Americana Film Fest\"><\/a>\n\t<\/div>\n<\/div>\n<\/div>\n<h4 class=\"fusion-carousel-title\"><a href=\"https:\/\/instajuridic.com\/gl\/portfolio-items\/pla-de-sostenibilitat-americana-film-fest\/\" target=\"_self\">Plan de sustentabilidade do Americana Film Fest<\/a><\/h4><div class=\"fusion-carousel-meta\"><a href=\"https:\/\/instajuridic.com\/gl\/portfolio_category\/destacado-gl\/\" rel=\"tag\">Destacado<\/a>, <a href=\"https:\/\/instajuridic.com\/gl\/portfolio_category\/estudos-ambientais-e-territoriais\/\" rel=\"tag\">Estudos Ambientais e Territoriais<\/a><\/div><\/div><\/div><div class=\"swiper-slide\"><div class=\"fusion-carousel-item-wrapper\"><span class=\"entry-title rich-snippet-hidden\">Plan de sustentabilidade de Produccions Saurines<\/span><span class=\"vcard rich-snippet-hidden\"><span class=\"fn\"><a href=\"https:\/\/instajuridic.com\/gl\/author\/admin\/\" title=\"Artigos de Insta\" rel=\"author\">Insta<\/a><\/span><\/span><span class=\"updated rich-snippet-hidden\">2025-12-19T06:34:46+00:00<\/span><div  class=\"fusion-image-wrapper\" aria-haspopup=\"true\">\n\t\t\t\t<img decoding=\"async\" width=\"800\" height=\"600\" src=\"https:\/\/instajuridic.com\/wp-content\/uploads\/2025\/12\/Saurines.jpg\" class=\"attachment-full size-full wp-post-image\" alt=\"\" srcset=\"https:\/\/instajuridic.com\/wp-content\/uploads\/2025\/12\/Saurines-200x150.jpg 200w, https:\/\/instajuridic.com\/wp-content\/uploads\/2025\/12\/Saurines-400x300.jpg 400w, https:\/\/instajuridic.com\/wp-content\/uploads\/2025\/12\/Saurines-600x450.jpg 600w, https:\/\/instajuridic.com\/wp-content\/uploads\/2025\/12\/Saurines.jpg 800w\" sizes=\"(min-width: 2200px) 100vw, (min-width: 824px) 382px, (min-width: 732px) 573px, (min-width: 640px) 732px, \" \/><div class=\"fusion-rollover\">\n\t<div class=\"fusion-rollover-content\">\n\n\t\t\t\t\t\t\t\t\t\t\t\t\t\t<a class=\"fusion-rollover-link\" href=\"https:\/\/instajuridic.com\/gl\/portfolio-items\/pla-de-sostenibilitat-produccions-saurines\/\">Plan de sustentabilidade de Produccions Saurines<\/a>\n\t\t\t\n\t\t\t\t\t\t\t\t\t\t\t\t\t\t\n\t\t\t\t\t\t\t\t\n\t\t\t\t\t\t\t\t\t\t\t\t\t<div class=\"fusion-rollover-sep\"><\/div>\n\t\t\t\t\n\t\t\t\t\t\t\t\t\t\t\t\t\t\t\t\t\t\t<a class=\"fusion-rollover-gallery\" href=\"https:\/\/instajuridic.com\/wp-content\/uploads\/2025\/12\/Saurines.jpg\" data-options=\"\" data-id=\"7769\" data-rel=\"iLightbox[gallery-rw-1]\" data-title=\"Saurios\" data-caption=\"\">\n\t\t\t\t\t\tGallery\t\t\t\t\t<\/a>\n\t\t\t\t\t\t\t\t\t\t\t\t\t\t\n\t\t\n\t\t\t\t\t\t\t\t\n\t\t\t\t\t\t\t\t\t\t<div class=\"fusion-rollover-categories\"><a href=\"https:\/\/instajuridic.com\/gl\/portfolio_category\/destacado-gl\/\" rel=\"tag\">Destacado<\/a>, <a href=\"https:\/\/instajuridic.com\/gl\/portfolio_category\/estudos-ambientais-e-territoriais\/\" rel=\"tag\">Estudos Ambientais e Territoriais<\/a><\/div>\t\t\t\t\t\n\t\t\n\t\t\t\t\t\t<a class=\"fusion-link-wrapper\" href=\"https:\/\/instajuridic.com\/gl\/portfolio-items\/pla-de-sostenibilitat-produccions-saurines\/\" aria-label=\"Plan de sustentabilidade de Produccions Saurines\"><\/a>\n\t<\/div>\n<\/div>\n<\/div>\n<h4 class=\"fusion-carousel-title\"><a href=\"https:\/\/instajuridic.com\/gl\/portfolio-items\/pla-de-sostenibilitat-produccions-saurines\/\" target=\"_self\">Plan de sustentabilidade de Produccions Saurines<\/a><\/h4><div class=\"fusion-carousel-meta\"><a href=\"https:\/\/instajuridic.com\/gl\/portfolio_category\/destacado-gl\/\" rel=\"tag\">Destacado<\/a>, <a href=\"https:\/\/instajuridic.com\/gl\/portfolio_category\/estudos-ambientais-e-territoriais\/\" rel=\"tag\">Estudos Ambientais e Territoriais<\/a><\/div><\/div><\/div><div class=\"swiper-slide\"><div class=\"fusion-carousel-item-wrapper\"><span class=\"entry-title rich-snippet-hidden\">Plan de sustentabilidade da Fronte &#8211; Festival internacional de cine de conflitos e paz<\/span><span class=\"vcard rich-snippet-hidden\"><span class=\"fn\"><a href=\"https:\/\/instajuridic.com\/gl\/author\/admin\/\" title=\"Artigos de Insta\" rel=\"author\">Insta<\/a><\/span><\/span><span class=\"updated rich-snippet-hidden\">2025-12-19T06:33:58+00:00<\/span><div  class=\"fusion-image-wrapper\" aria-haspopup=\"true\">\n\t\t\t\t<img decoding=\"async\" width=\"449\" height=\"449\" src=\"https:\/\/instajuridic.com\/wp-content\/uploads\/2025\/12\/Front.jpg\" class=\"attachment-full size-full wp-post-image\" alt=\"\" srcset=\"https:\/\/instajuridic.com\/wp-content\/uploads\/2025\/12\/Front-200x200.jpg 200w, https:\/\/instajuridic.com\/wp-content\/uploads\/2025\/12\/Front-400x400.jpg 400w, https:\/\/instajuridic.com\/wp-content\/uploads\/2025\/12\/Front.jpg 449w\" sizes=\"(min-width: 2200px) 100vw, (min-width: 824px) 382px, (min-width: 732px) 573px, (min-width: 640px) 732px, \" \/><div class=\"fusion-rollover\">\n\t<div class=\"fusion-rollover-content\">\n\n\t\t\t\t\t\t\t\t\t\t\t\t\t\t<a class=\"fusion-rollover-link\" href=\"https:\/\/instajuridic.com\/gl\/portfolio-items\/pla-de-sostenibilitat-del-front-mostra-internacional-de-cinema-de-conflicte-i-pau\/\">Plan de sustentabilidade da Fronte &#8211; Festival internacional de cine de conflitos e paz<\/a>\n\t\t\t\n\t\t\t\t\t\t\t\t\t\t\t\t\t\t\n\t\t\t\t\t\t\t\t\n\t\t\t\t\t\t\t\t\t\t\t\t\t<div class=\"fusion-rollover-sep\"><\/div>\n\t\t\t\t\n\t\t\t\t\t\t\t\t\t\t\t\t\t\t\t\t\t\t<a class=\"fusion-rollover-gallery\" href=\"https:\/\/instajuridic.com\/wp-content\/uploads\/2025\/12\/Front.jpg\" data-options=\"\" data-id=\"7755\" data-rel=\"iLightbox[gallery-rw-1]\" data-title=\"Fronte\" data-caption=\"\">\n\t\t\t\t\t\tGallery\t\t\t\t\t<\/a>\n\t\t\t\t\t\t\t\t\t\t\t\t\t\t\n\t\t\n\t\t\t\t\t\t\t\t\n\t\t\t\t\t\t\t\t\t\t<div class=\"fusion-rollover-categories\"><a href=\"https:\/\/instajuridic.com\/gl\/portfolio_category\/destacado-gl\/\" rel=\"tag\">Destacado<\/a>, <a href=\"https:\/\/instajuridic.com\/gl\/portfolio_category\/estudos-ambientais-e-territoriais\/\" rel=\"tag\">Estudos Ambientais e Territoriais<\/a><\/div>\t\t\t\t\t\n\t\t\n\t\t\t\t\t\t<a class=\"fusion-link-wrapper\" href=\"https:\/\/instajuridic.com\/gl\/portfolio-items\/pla-de-sostenibilitat-del-front-mostra-internacional-de-cinema-de-conflicte-i-pau\/\" aria-label=\"Plan de sustentabilidade da Fronte &#8211; Festival internacional de cine de conflitos e paz\"><\/a>\n\t<\/div>\n<\/div>\n<\/div>\n<h4 class=\"fusion-carousel-title\"><a href=\"https:\/\/instajuridic.com\/gl\/portfolio-items\/pla-de-sostenibilitat-del-front-mostra-internacional-de-cinema-de-conflicte-i-pau\/\" target=\"_self\">Plan de sustentabilidade da Fronte &#8211; Festival internacional de cine de conflitos e paz<\/a><\/h4><div class=\"fusion-carousel-meta\"><a href=\"https:\/\/instajuridic.com\/gl\/portfolio_category\/destacado-gl\/\" rel=\"tag\">Destacado<\/a>, <a href=\"https:\/\/instajuridic.com\/gl\/portfolio_category\/estudos-ambientais-e-territoriais\/\" rel=\"tag\">Estudos Ambientais e Territoriais<\/a><\/div><\/div><\/div><div class=\"swiper-slide\"><div class=\"fusion-carousel-item-wrapper\"><span class=\"entry-title rich-snippet-hidden\">Proxecto COMUNES &#8211; Enerx\u00eda Solidaria COMUNIDADES<\/span><span class=\"vcard rich-snippet-hidden\"><span class=\"fn\"><a href=\"https:\/\/instajuridic.com\/gl\/author\/admin\/\" title=\"Artigos de Insta\" rel=\"author\">Insta<\/a><\/span><\/span><span class=\"updated rich-snippet-hidden\">2025-12-01T13:31:18+00:00<\/span><div  class=\"fusion-image-wrapper\" aria-haspopup=\"true\">\n\t\t\t\t<img decoding=\"async\" width=\"500\" height=\"500\" src=\"https:\/\/instajuridic.com\/wp-content\/uploads\/2025\/10\/Logo-COMUNES-e1759841189792.png\" class=\"attachment-full size-full wp-post-image\" alt=\"\" \/><div class=\"fusion-rollover\">\n\t<div class=\"fusion-rollover-content\">\n\n\t\t\t\t\t\t\t\t\t\t\t\t\t\t<a class=\"fusion-rollover-link\" href=\"https:\/\/instajuridic.com\/gl\/portfolio-items\/projecte-comunes-comunitats-energetiques-solidaries\/\">Proxecto COMUNES &#8211; Enerx\u00eda Solidaria COMUNIDADES<\/a>\n\t\t\t\n\t\t\t\t\t\t\t\t\t\t\t\t\t\t\n\t\t\t\t\t\t\t\t\n\t\t\t\t\t\t\t\t\t\t\t\t\t<div class=\"fusion-rollover-sep\"><\/div>\n\t\t\t\t\n\t\t\t\t\t\t\t\t\t\t\t\t\t\t\t\t\t\t<a class=\"fusion-rollover-gallery\" href=\"https:\/\/instajuridic.com\/wp-content\/uploads\/2025\/10\/Logo-COMUNES-e1759841189792.png\" data-options=\"\" data-id=\"7062\" data-rel=\"iLightbox[gallery-rw-1]\" data-title=\"Logotipo dos concellos\" data-caption=\"\">\n\t\t\t\t\t\tGallery\t\t\t\t\t<\/a>\n\t\t\t\t\t\t\t\t\t\t\t\t\t\t\n\t\t\n\t\t\t\t\t\t\t\t\n\t\t\t\t\t\t\t\t\t\t<div class=\"fusion-rollover-categories\"><a href=\"https:\/\/instajuridic.com\/gl\/portfolio_category\/dereito-ambiental\/\" rel=\"tag\">Dereito Ambiental<\/a>, <a href=\"https:\/\/instajuridic.com\/gl\/portfolio_category\/destacado-gl\/\" rel=\"tag\">Destacado<\/a><\/div>\t\t\t\t\t\n\t\t\n\t\t\t\t\t\t<a class=\"fusion-link-wrapper\" href=\"https:\/\/instajuridic.com\/gl\/portfolio-items\/projecte-comunes-comunitats-energetiques-solidaries\/\" aria-label=\"Proxecto COMUNES &#8211; Enerx\u00eda Solidaria COMUNIDADES\"><\/a>\n\t<\/div>\n<\/div>\n<\/div>\n<h4 class=\"fusion-carousel-title\"><a href=\"https:\/\/instajuridic.com\/gl\/portfolio-items\/projecte-comunes-comunitats-energetiques-solidaries\/\" target=\"_self\">Proxecto COMUNES &#8211; Enerx\u00eda Solidaria COMUNIDADES<\/a><\/h4><div class=\"fusion-carousel-meta\"><a href=\"https:\/\/instajuridic.com\/gl\/portfolio_category\/dereito-ambiental\/\" rel=\"tag\">Dereito Ambiental<\/a>, <a href=\"https:\/\/instajuridic.com\/gl\/portfolio_category\/destacado-gl\/\" rel=\"tag\">Destacado<\/a><\/div><\/div><\/div><div class=\"swiper-slide\"><div class=\"fusion-carousel-item-wrapper\"><span class=\"entry-title rich-snippet-hidden\">Certificaci\u00f3n ambiental do Festival de Cine REC de Tarragona<\/span><span class=\"vcard rich-snippet-hidden\"><span class=\"fn\"><a href=\"https:\/\/instajuridic.com\/gl\/author\/admin\/\" title=\"Artigos de Insta\" rel=\"author\">Insta<\/a><\/span><\/span><span class=\"updated rich-snippet-hidden\">2025-03-31T07:54:56+00:00<\/span><div  class=\"fusion-image-wrapper\" aria-haspopup=\"true\">\n\t\t\t\t<img decoding=\"async\" width=\"1600\" height=\"1200\" src=\"https:\/\/instajuridic.com\/wp-content\/uploads\/2025\/03\/Antiga-Audiencia_Lletres-REC-reutilitzades-e1743407616265.jpeg\" class=\"attachment-full size-full wp-post-image\" alt=\"\" \/><div class=\"fusion-rollover\">\n\t<div class=\"fusion-rollover-content\">\n\n\t\t\t\t\t\t\t\t\t\t\t\t\t\t<a class=\"fusion-rollover-link\" href=\"https:\/\/instajuridic.com\/gl\/portfolio-items\/certificacio-ambiental-del-festival-rec-de-cinema-de-tarragona\/\">Certificaci\u00f3n ambiental do Festival de Cine REC de Tarragona<\/a>\n\t\t\t\n\t\t\t\t\t\t\t\t\t\t\t\t\t\t\n\t\t\t\t\t\t\t\t\n\t\t\t\t\t\t\t\t\t\t\t\t\t<div class=\"fusion-rollover-sep\"><\/div>\n\t\t\t\t\n\t\t\t\t\t\t\t\t\t\t\t\t\t\t\t\t\t\t<a class=\"fusion-rollover-gallery\" href=\"https:\/\/instajuridic.com\/wp-content\/uploads\/2025\/03\/Antiga-Audiencia_Lletres-REC-reutilitzades-e1743407616265.jpeg\" data-options=\"\" data-id=\"6558\" data-rel=\"iLightbox[gallery-rw-1]\" data-title=\"Antiga Audiencia_Lletres REC reutilitzades\" data-caption=\"\">\n\t\t\t\t\t\tGallery\t\t\t\t\t<\/a>\n\t\t\t\t\t\t\t\t\t\t\t\t\t\t\n\t\t\n\t\t\t\t\t\t\t\t\n\t\t\t\t\t\t\t\t\t\t<div class=\"fusion-rollover-categories\"><a href=\"https:\/\/instajuridic.com\/gl\/portfolio_category\/destacado-gl\/\" rel=\"tag\">Destacado<\/a>, <a href=\"https:\/\/instajuridic.com\/gl\/portfolio_category\/estudos-ambientais-e-territoriais\/\" rel=\"tag\">Estudos Ambientais e Territoriais<\/a><\/div>\t\t\t\t\t\n\t\t\n\t\t\t\t\t\t<a class=\"fusion-link-wrapper\" href=\"https:\/\/instajuridic.com\/gl\/portfolio-items\/certificacio-ambiental-del-festival-rec-de-cinema-de-tarragona\/\" aria-label=\"Certificaci\u00f3n ambiental do Festival de Cine REC de Tarragona\"><\/a>\n\t<\/div>\n<\/div>\n<\/div>\n<h4 class=\"fusion-carousel-title\"><a href=\"https:\/\/instajuridic.com\/gl\/portfolio-items\/certificacio-ambiental-del-festival-rec-de-cinema-de-tarragona\/\" target=\"_self\">Certificaci\u00f3n ambiental do Festival de Cine REC de Tarragona<\/a><\/h4><div class=\"fusion-carousel-meta\"><a href=\"https:\/\/instajuridic.com\/gl\/portfolio_category\/destacado-gl\/\" rel=\"tag\">Destacado<\/a>, <a href=\"https:\/\/instajuridic.com\/gl\/portfolio_category\/estudos-ambientais-e-territoriais\/\" rel=\"tag\">Estudos Ambientais e Territoriais<\/a><\/div><\/div><\/div><div class=\"swiper-slide\"><div class=\"fusion-carousel-item-wrapper\"><span class=\"entry-title rich-snippet-hidden\">Procedemento de responsabilidade ambiental contra a contaminaci\u00f3n por micropl\u00e1sticos en Tarragona<\/span><span class=\"vcard rich-snippet-hidden\"><span class=\"fn\"><a href=\"https:\/\/instajuridic.com\/gl\/author\/admin\/\" title=\"Artigos de Insta\" rel=\"author\">Insta<\/a><\/span><\/span><span class=\"updated rich-snippet-hidden\">2026-04-17T13:16:47+00:00<\/span><div  class=\"fusion-image-wrapper\" aria-haspopup=\"true\">\n\t\t\t\t<img decoding=\"async\" width=\"1536\" height=\"2048\" src=\"https:\/\/instajuridic.com\/wp-content\/uploads\/2025\/03\/WhatsApp-Image-2025-03-05-at-15.18.25.jpeg\" class=\"attachment-full size-full wp-post-image\" alt=\"\" srcset=\"https:\/\/instajuridic.com\/wp-content\/uploads\/2025\/03\/WhatsApp-Image-2025-03-05-at-15.18.25-200x267.jpeg 200w, https:\/\/instajuridic.com\/wp-content\/uploads\/2025\/03\/WhatsApp-Image-2025-03-05-at-15.18.25-400x533.jpeg 400w, https:\/\/instajuridic.com\/wp-content\/uploads\/2025\/03\/WhatsApp-Image-2025-03-05-at-15.18.25-600x800.jpeg 600w, https:\/\/instajuridic.com\/wp-content\/uploads\/2025\/03\/WhatsApp-Image-2025-03-05-at-15.18.25-800x1067.jpeg 800w, https:\/\/instajuridic.com\/wp-content\/uploads\/2025\/03\/WhatsApp-Image-2025-03-05-at-15.18.25-1200x1600.jpeg 1200w, https:\/\/instajuridic.com\/wp-content\/uploads\/2025\/03\/WhatsApp-Image-2025-03-05-at-15.18.25.jpeg 1536w\" sizes=\"(min-width: 2200px) 100vw, (min-width: 824px) 382px, (min-width: 732px) 573px, (min-width: 640px) 732px, \" \/><div class=\"fusion-rollover\">\n\t<div class=\"fusion-rollover-content\">\n\n\t\t\t\t\t\t\t\t\t\t\t\t\t\t<a class=\"fusion-rollover-link\" href=\"https:\/\/instajuridic.com\/gl\/portfolio-items\/procediment-de-responsabilitat-ambiental-contra-la-contaminacio-per-microplastics-a-tarragona\/\">Procedemento de responsabilidade ambiental contra a contaminaci\u00f3n por micropl\u00e1sticos en Tarragona<\/a>\n\t\t\t\n\t\t\t\t\t\t\t\t\t\t\t\t\t\t\n\t\t\t\t\t\t\t\t\n\t\t\t\t\t\t\t\t\t\t\t\t\t<div class=\"fusion-rollover-sep\"><\/div>\n\t\t\t\t\n\t\t\t\t\t\t\t\t\t\t\t\t\t\t\t\t\t\t<a class=\"fusion-rollover-gallery\" href=\"https:\/\/instajuridic.com\/wp-content\/uploads\/2025\/03\/WhatsApp-Image-2025-03-05-at-15.18.25.jpeg\" data-options=\"\" data-id=\"6446\" data-rel=\"iLightbox[gallery-rw-1]\" data-title=\"WhatsApp Image 2025-03-05 at 15.18.25\" data-caption=\"\">\n\t\t\t\t\t\tGallery\t\t\t\t\t<\/a>\n\t\t\t\t\t\t\t\t\t\t\t\t\t\t\n\t\t\n\t\t\t\t\t\t\t\t\n\t\t\t\t\t\t\t\t\t\t<div class=\"fusion-rollover-categories\"><a href=\"https:\/\/instajuridic.com\/gl\/portfolio_category\/dereito-ambiental\/\" rel=\"tag\">Dereito Ambiental<\/a>, <a href=\"https:\/\/instajuridic.com\/gl\/portfolio_category\/destacado-gl\/\" rel=\"tag\">Destacado<\/a><\/div>\t\t\t\t\t\n\t\t\n\t\t\t\t\t\t<a class=\"fusion-link-wrapper\" href=\"https:\/\/instajuridic.com\/gl\/portfolio-items\/procediment-de-responsabilitat-ambiental-contra-la-contaminacio-per-microplastics-a-tarragona\/\" aria-label=\"Procedemento de responsabilidade ambiental contra a contaminaci\u00f3n por micropl\u00e1sticos en Tarragona\"><\/a>\n\t<\/div>\n<\/div>\n<\/div>\n<h4 class=\"fusion-carousel-title\"><a href=\"https:\/\/instajuridic.com\/gl\/portfolio-items\/procediment-de-responsabilitat-ambiental-contra-la-contaminacio-per-microplastics-a-tarragona\/\" target=\"_self\">Procedemento de responsabilidade ambiental contra a contaminaci\u00f3n por micropl\u00e1sticos en Tarragona<\/a><\/h4><div class=\"fusion-carousel-meta\"><a href=\"https:\/\/instajuridic.com\/gl\/portfolio_category\/dereito-ambiental\/\" rel=\"tag\">Dereito Ambiental<\/a>, <a href=\"https:\/\/instajuridic.com\/gl\/portfolio_category\/destacado-gl\/\" rel=\"tag\">Destacado<\/a><\/div><\/div><\/div><\/div><div class=\"awb-swiper-button awb-swiper-button-prev\"><i class=\"awb-icon-angle-left\" aria-hidden=\"true\"><\/i><\/div><div class=\"awb-swiper-button awb-swiper-button-next\"><i class=\"awb-icon-angle-right\" aria-hidden=\"true\"><\/i><\/div><\/div><\/div><\/div><\/div><\/div><\/div><div class=\"fusion-fullwidth fullwidth-box fusion-builder-row-6 fusion-flex-container nonhundred-percent-fullwidth non-hundred-percent-height-scrolling fusion-animated\" style=\"--awb-border-radius-top-left:0px;--awb-border-radius-top-right:0px;--awb-border-radius-bottom-right:0px;--awb-border-radius-bottom-left:0px;--awb-padding-top:80px;--awb-flex-wrap:wrap;\" data-animationType=\"fadeInUp\" data-animationDuration=\"1.0\" data-animationOffset=\"top-into-view\" ><div class=\"fusion-builder-row fusion-row fusion-flex-align-items-flex-start fusion-flex-content-wrap\" style=\"max-width:1216.8px;margin-left: calc(-4% \/ 2 );margin-right: calc(-4% \/ 2 );\"><div class=\"fusion-layout-column fusion_builder_column fusion-builder-column-8 fusion_builder_column_1_1 1_1 fusion-flex-column\" style=\"--awb-bg-size:cover;--awb-width-large:100%;--awb-flex-grow:0;--awb-flex-shrink:0;--awb-margin-top-large:0px;--awb-spacing-right-large:1.92%;--awb-margin-bottom-large:20px;--awb-spacing-left-large:1.92%;--awb-width-medium:100%;--awb-order-medium:0;--awb-flex-grow-medium:0;--awb-flex-shrink-medium:0;--awb-spacing-right-medium:1.92%;--awb-spacing-left-medium:1.92%;--awb-width-small:100%;--awb-order-small:0;--awb-flex-grow-small:0;--awb-flex-shrink-small:0;--awb-spacing-right-small:1.92%;--awb-spacing-left-small:1.92%;\"><div class=\"fusion-column-wrapper fusion-column-has-shadow fusion-flex-justify-content-flex-start fusion-content-layout-column\"><div class=\"fusion-builder-row fusion-builder-row-inner fusion-row fusion-flex-align-items-flex-start fusion-flex-content-wrap\" style=\"width:104% !important;max-width:104% !important;margin-left: calc(-4% \/ 2 );margin-right: calc(-4% \/ 2 );\"><div class=\"fusion-layout-column fusion_builder_column_inner fusion-builder-nested-column-2 fusion_builder_column_inner_4_5 4_5 fusion-flex-column\" style=\"--awb-bg-size:cover;--awb-width-large:80%;--awb-margin-top-large:0px;--awb-spacing-right-large:2.4%;--awb-margin-bottom-large:20px;--awb-spacing-left-large:2.4%;--awb-width-medium:100%;--awb-order-medium:0;--awb-spacing-right-medium:1.92%;--awb-spacing-left-medium:1.92%;--awb-width-small:100%;--awb-order-small:0;--awb-spacing-right-small:1.92%;--awb-spacing-left-small:1.92%;\"><div class=\"fusion-column-wrapper fusion-column-has-shadow fusion-flex-justify-content-flex-start fusion-content-layout-column\"><div class=\"fusion-title title fusion-title-7 fusion-title-text fusion-title-size-two\" style=\"--awb-text-color:#4b6b51;--awb-sep-color:#786a5a;\"><div class=\"title-sep-container title-sep-container-left fusion-no-large-visibility fusion-no-medium-visibility fusion-no-small-visibility\"><div class=\"title-sep sep-double sep-solid\" style=\"border-color:#786a5a;\"><\/div><\/div><span class=\"awb-title-spacer fusion-no-large-visibility fusion-no-medium-visibility fusion-no-small-visibility\"><\/span><h2 class=\"fusion-title-heading title-heading-left\" style=\"margin:0;\">NOVAS<\/h2><span class=\"awb-title-spacer\"><\/span><div class=\"title-sep-container title-sep-container-right\"><div class=\"title-sep sep-double sep-solid\" style=\"border-color:#786a5a;\"><\/div><\/div><\/div><\/div><\/div><div class=\"fusion-layout-column fusion_builder_column_inner fusion-builder-nested-column-3 fusion_builder_column_inner_1_5 1_5 fusion-flex-column\" style=\"--awb-bg-size:cover;--awb-width-large:20%;--awb-margin-top-large:0px;--awb-spacing-right-large:9.6%;--awb-margin-bottom-large:20px;--awb-spacing-left-large:9.6%;--awb-width-medium:100%;--awb-order-medium:0;--awb-spacing-right-medium:1.92%;--awb-spacing-left-medium:1.92%;--awb-width-small:100%;--awb-order-small:0;--awb-spacing-right-small:1.92%;--awb-spacing-left-small:1.92%;\"><div class=\"fusion-column-wrapper fusion-column-has-shadow fusion-flex-justify-content-flex-start fusion-content-layout-column\"><div style=\"text-align:right;\"><a class=\"fusion-button button-flat button-small button-default fusion-button-default button-6 fusion-button-default-span fusion-button-default-type\" style=\"--button_text_transform:uppercase;\" target=\"_self\" href=\"\/actualitat\/\"><span class=\"fusion-button-text awb-button__text awb-button__text--default\">M\u00e1is novidades<\/span><\/a><\/div><\/div><\/div><\/div><\/div><\/div><\/div><\/div><div class=\"fusion-fullwidth fullwidth-box fusion-builder-row-7 fusion-flex-container nonhundred-percent-fullwidth non-hundred-percent-height-scrolling\" style=\"--awb-border-radius-top-left:0px;--awb-border-radius-top-right:0px;--awb-border-radius-bottom-right:0px;--awb-border-radius-bottom-left:0px;--awb-flex-wrap:wrap;\" ><div class=\"fusion-builder-row fusion-row fusion-flex-align-items-flex-start fusion-flex-content-wrap\" style=\"max-width:1216.8px;margin-left: calc(-4% \/ 2 );margin-right: calc(-4% \/ 2 );\"><div class=\"fusion-layout-column fusion_builder_column fusion-builder-column-9 fusion_builder_column_1_1 1_1 fusion-flex-column\" style=\"--awb-bg-size:cover;--awb-width-large:100%;--awb-flex-grow:0;--awb-flex-shrink:0;--awb-margin-top-large:0px;--awb-spacing-right-large:1.92%;--awb-margin-bottom-large:20px;--awb-spacing-left-large:1.92%;--awb-width-medium:100%;--awb-order-medium:0;--awb-flex-grow-medium:0;--awb-flex-shrink-medium:0;--awb-spacing-right-medium:1.92%;--awb-spacing-left-medium:1.92%;--awb-width-small:100%;--awb-order-small:0;--awb-flex-grow-small:0;--awb-flex-shrink-small:0;--awb-spacing-right-small:1.92%;--awb-spacing-left-small:1.92%;\"><div class=\"fusion-column-wrapper fusion-column-has-shadow fusion-flex-justify-content-flex-start fusion-content-layout-column\"><div class=\"fusion-recent-posts fusion-recent-posts-1 avada-container layout-thumbnails-on-side layout-columns-2\"><section class=\"fusion-columns columns fusion-columns-2 columns-2\"><article class=\"post fusion-column column col col-lg-6 col-md-6 col-sm-6\"><div class=\"fusion-flexslider fusion-flexslider-loading flexslider floated-slideshow flexslider-hover-type-none\"><ul class=\"slides\"><li><a href=\"https:\/\/instajuridic.com\/gl\/2026\/04\/09\/el-congreso-convalida-el-real-decreto-ley-7-2026-un-gran-impulso-para-el-autoconsumo-y-las-comunidades-energeticas-y-nuevas-reglas-para-redes-almacenamiento-y-demanda\/\" aria-label=\"O Congreso aproba o Real Decreto-Lei 7\/2026: un importante impulso ao autoconsumo e \u00e1s Comunidades Enerx\u00e9ticas, e novas normas para redes, almacenamento e demanda\" class=\"hover-type-none\"><img decoding=\"async\" width=\"200\" height=\"113\" src=\"https:\/\/instajuridic.com\/wp-content\/uploads\/2026\/03\/Imatge-web-RDL-7-2026-200x113.jpg\" class=\"attachment-fusion-200 size-fusion-200\" alt=\"\" srcset=\"https:\/\/instajuridic.com\/wp-content\/uploads\/2026\/03\/Imatge-web-RDL-7-2026-200x113.jpg 200w, https:\/\/instajuridic.com\/wp-content\/uploads\/2026\/03\/Imatge-web-RDL-7-2026-300x169.jpg 300w, https:\/\/instajuridic.com\/wp-content\/uploads\/2026\/03\/Imatge-web-RDL-7-2026-400x225.jpg 400w, https:\/\/instajuridic.com\/wp-content\/uploads\/2026\/03\/Imatge-web-RDL-7-2026-600x338.jpg 600w, https:\/\/instajuridic.com\/wp-content\/uploads\/2026\/03\/Imatge-web-RDL-7-2026-768x432.jpg 768w, https:\/\/instajuridic.com\/wp-content\/uploads\/2026\/03\/Imatge-web-RDL-7-2026-800x450.jpg 800w, https:\/\/instajuridic.com\/wp-content\/uploads\/2026\/03\/Imatge-web-RDL-7-2026-1024x576.jpg 1024w, https:\/\/instajuridic.com\/wp-content\/uploads\/2026\/03\/Imatge-web-RDL-7-2026-1200x675.jpg 1200w, https:\/\/instajuridic.com\/wp-content\/uploads\/2026\/03\/Imatge-web-RDL-7-2026-1536x864.jpg 1536w\" sizes=\"(max-width: 200px) 100vw, 200px\" \/><\/a><\/li><\/ul><\/div><div class=\"recent-posts-content\"><span class=\"entry-title\" style=\"display: none;\">O Congreso aproba o Real Decreto-Lei 7\/2026: un importante impulso ao autoconsumo e \u00e1s Comunidades Enerx\u00e9ticas, e novas normas para redes, almacenamento e demanda<\/span><span class=\"vcard\" style=\"display: none;\"><span class=\"fn\"><a href=\"https:\/\/instajuridic.com\/gl\/author\/admin\/\" title=\"Artigos de Insta\" rel=\"author\">Insta<\/a><\/span><\/span><span class=\"updated\" style=\"display:none;\">2026-04-09T12:50:33+00:00<\/span><p class=\"meta\"><span class=\"vcard\" style=\"display: none;\"><span class=\"fn\"><a href=\"https:\/\/instajuridic.com\/gl\/author\/admin\/\" title=\"Artigos de Insta\" rel=\"author\">Insta<\/a><\/span><\/span><span class=\"updated\" style=\"display:none;\">2026-04-09T12:50:33+00:00<\/span><span>Abril 9th, 2026<\/span><span class=\"fusion-inline-sep\">|<\/span><\/p><p>O Congreso ratificou esta quinta feira, 26 de marzo, o Real Decreto-Lei 7\/2026 , publicado no BOE o 21 de marzo, como peza central do Plan de Resposta Integral \u00e1 Crise de Oriente Medio. Unha [...]<\/p><\/div><\/article><article class=\"post fusion-column column col col-lg-6 col-md-6 col-sm-6\"><div class=\"fusion-flexslider fusion-flexslider-loading flexslider floated-slideshow flexslider-hover-type-none\"><ul class=\"slides\"><li><a href=\"https:\/\/instajuridic.com\/gl\/2026\/01\/07\/el-tribunal-suprem-dicta-sentencia-sobre-els-carregadors-de-vehicles-electrics-en-garatges-comunitaris\/\" aria-label=\"O Tribunal Supremo emite unha sentenza sobre os cargadores de veh\u00edculos el\u00e9ctricos en garaxes comunitarias\" class=\"hover-type-none\"><img decoding=\"async\" width=\"200\" height=\"113\" src=\"https:\/\/instajuridic.com\/wp-content\/uploads\/2026\/01\/Noticia-web-STS-Cargadores-electricos-plazas-de-garaje-200x113.jpg\" class=\"attachment-fusion-200 size-fusion-200\" alt=\"\" srcset=\"https:\/\/instajuridic.com\/wp-content\/uploads\/2026\/01\/Noticia-web-STS-Cargadores-electricos-plazas-de-garaje-200x113.jpg 200w, https:\/\/instajuridic.com\/wp-content\/uploads\/2026\/01\/Noticia-web-STS-Cargadores-electricos-plazas-de-garaje-300x169.jpg 300w, https:\/\/instajuridic.com\/wp-content\/uploads\/2026\/01\/Noticia-web-STS-Cargadores-electricos-plazas-de-garaje-400x225.jpg 400w, https:\/\/instajuridic.com\/wp-content\/uploads\/2026\/01\/Noticia-web-STS-Cargadores-electricos-plazas-de-garaje-600x338.jpg 600w, https:\/\/instajuridic.com\/wp-content\/uploads\/2026\/01\/Noticia-web-STS-Cargadores-electricos-plazas-de-garaje-768x432.jpg 768w, https:\/\/instajuridic.com\/wp-content\/uploads\/2026\/01\/Noticia-web-STS-Cargadores-electricos-plazas-de-garaje-800x450.jpg 800w, https:\/\/instajuridic.com\/wp-content\/uploads\/2026\/01\/Noticia-web-STS-Cargadores-electricos-plazas-de-garaje-1024x576.jpg 1024w, https:\/\/instajuridic.com\/wp-content\/uploads\/2026\/01\/Noticia-web-STS-Cargadores-electricos-plazas-de-garaje-1200x675.jpg 1200w, https:\/\/instajuridic.com\/wp-content\/uploads\/2026\/01\/Noticia-web-STS-Cargadores-electricos-plazas-de-garaje-1536x864.jpg 1536w\" sizes=\"(max-width: 200px) 100vw, 200px\" \/><\/a><\/li><\/ul><\/div><div class=\"recent-posts-content\"><span class=\"entry-title\" style=\"display: none;\">O Tribunal Supremo emite unha sentenza sobre os cargadores de veh\u00edculos el\u00e9ctricos en garaxes comunitarias<\/span><span class=\"vcard\" style=\"display: none;\"><span class=\"fn\"><a href=\"https:\/\/instajuridic.com\/gl\/author\/admin\/\" title=\"Artigos de Insta\" rel=\"author\">Insta<\/a><\/span><\/span><span class=\"updated\" style=\"display:none;\">2026-01-07T08:05:53+00:00<\/span><p class=\"meta\"><span class=\"vcard\" style=\"display: none;\"><span class=\"fn\"><a href=\"https:\/\/instajuridic.com\/gl\/author\/admin\/\" title=\"Artigos de Insta\" rel=\"author\">Insta<\/a><\/span><\/span><span class=\"updated\" style=\"display:none;\">2026-01-07T08:05:53+00:00<\/span><span>Xaneiro 7th, 2026<\/span><span class=\"fusion-inline-sep\">|<\/span><\/p><p>A Sala Primeira do Tribunal Supremo, na sentenza 1745\/2025, do 1 de decembro (ROJ STS 5363\/2025), resolveu un litixio entre o propietario dun inmoble e a s\u00faa comunidade de veci\u00f1os sobre a instalaci\u00f3n dun punto [...]<\/p><\/div><\/article><article class=\"post fusion-column column col col-lg-6 col-md-6 col-sm-6\"><div class=\"fusion-flexslider fusion-flexslider-loading flexslider floated-slideshow flexslider-hover-type-none\"><ul class=\"slides\"><li><a href=\"https:\/\/instajuridic.com\/gl\/2025\/12\/30\/la-jornada-dialegs-per-una-galicia-renovable-reuneix-a-santiago-agents-clau-per-dissenyar-un-protocol-de-comunicacio-i-participacio-social-en-el-desplegament-de-renovables\/\" aria-label=\"A xornada &#8220;Di\u00e1logos por unha Galicia Renovable&#8221; re\u00fane axentes clave en Santiago para dese\u00f1ar un protocolo de comunicaci\u00f3n e participaci\u00f3n social no despregamento das renovables\" class=\"hover-type-none\"><img decoding=\"async\" width=\"200\" height=\"118\" src=\"https:\/\/instajuridic.com\/wp-content\/uploads\/2025\/12\/Noticia-REDS-200x118.jpg\" class=\"attachment-fusion-200 size-fusion-200\" alt=\"\" srcset=\"https:\/\/instajuridic.com\/wp-content\/uploads\/2025\/12\/Noticia-REDS-200x118.jpg 200w, https:\/\/instajuridic.com\/wp-content\/uploads\/2025\/12\/Noticia-REDS-300x177.jpg 300w, https:\/\/instajuridic.com\/wp-content\/uploads\/2025\/12\/Noticia-REDS-400x235.jpg 400w, https:\/\/instajuridic.com\/wp-content\/uploads\/2025\/12\/Noticia-REDS-600x353.jpg 600w, https:\/\/instajuridic.com\/wp-content\/uploads\/2025\/12\/Noticia-REDS-768x452.jpg 768w, https:\/\/instajuridic.com\/wp-content\/uploads\/2025\/12\/Noticia-REDS-800x471.jpg 800w, https:\/\/instajuridic.com\/wp-content\/uploads\/2025\/12\/Noticia-REDS-1024x603.jpg 1024w, https:\/\/instajuridic.com\/wp-content\/uploads\/2025\/12\/Noticia-REDS-1200x706.jpg 1200w, https:\/\/instajuridic.com\/wp-content\/uploads\/2025\/12\/Noticia-REDS-1536x904.jpg 1536w\" sizes=\"(max-width: 200px) 100vw, 200px\" \/><\/a><\/li><\/ul><\/div><div class=\"recent-posts-content\"><span class=\"entry-title\" style=\"display: none;\">A xornada &#8220;Di\u00e1logos por unha Galicia Renovable&#8221; re\u00fane axentes clave en Santiago para dese\u00f1ar un protocolo de comunicaci\u00f3n e participaci\u00f3n social no despregamento das renovables<\/span><span class=\"vcard\" style=\"display: none;\"><span class=\"fn\"><a href=\"https:\/\/instajuridic.com\/gl\/author\/admin\/\" title=\"Artigos de Insta\" rel=\"author\">Insta<\/a><\/span><\/span><span class=\"updated\" style=\"display:none;\">2025-12-30T07:54:35+00:00<\/span><p class=\"meta\"><span class=\"vcard\" style=\"display: none;\"><span class=\"fn\"><a href=\"https:\/\/instajuridic.com\/gl\/author\/admin\/\" title=\"Artigos de Insta\" rel=\"author\">Insta<\/a><\/span><\/span><span class=\"updated\" style=\"display:none;\">2025-12-30T07:54:35+00:00<\/span><span>Decembro 30th, 2025<\/span><span class=\"fusion-inline-sep\">|<\/span><\/p><p>A Cidade da Cultura (Santiago de Compostela) acolleu a xornada de traballo \"Di\u00e1logos por unha Galicia Renovable\", que reuniu a case 20 representantes de empresas, universidades, administraci\u00f3ns p\u00fablicas e organizaci\u00f3ns sociais vinculadas \u00e1 enerx\u00eda para [...]<\/p><\/div><\/article><article class=\"post fusion-column column col col-lg-6 col-md-6 col-sm-6\"><div class=\"fusion-flexslider fusion-flexslider-loading flexslider floated-slideshow flexslider-hover-type-none\"><ul class=\"slides\"><li><a href=\"https:\/\/instajuridic.com\/gl\/2025\/12\/15\/defensa-de-tesi-doctoral-la-prevencio-del-trafic-illegal-de-residus-plastics-a-catalunya-els-programes-de-compliment-com-eina-de-prevencio-i-responsabilitat-penal-de-les-persones-juridiques\/\" aria-label=\"Defensa da tese doutoral \u201cPrevenci\u00f3n do tr\u00e1fico ilegal de residuos pl\u00e1sticos en Catalu\u00f1a: os programas de cumprimento como ferramenta para a prevenci\u00f3n e a responsabilidade penal das persoas xur\u00eddicas\u201d\" class=\"hover-type-none\"><img decoding=\"async\" width=\"200\" height=\"207\" src=\"https:\/\/instajuridic.com\/wp-content\/uploads\/2025\/12\/1763982689293-200x207.jpg\" class=\"attachment-fusion-200 size-fusion-200\" alt=\"\" srcset=\"https:\/\/instajuridic.com\/wp-content\/uploads\/2025\/12\/1763982689293-200x207.jpg 200w, https:\/\/instajuridic.com\/wp-content\/uploads\/2025\/12\/1763982689293-290x300.jpg 290w, https:\/\/instajuridic.com\/wp-content\/uploads\/2025\/12\/1763982689293-400x414.jpg 400w, https:\/\/instajuridic.com\/wp-content\/uploads\/2025\/12\/1763982689293-600x621.jpg 600w, https:\/\/instajuridic.com\/wp-content\/uploads\/2025\/12\/1763982689293-768x795.jpg 768w, https:\/\/instajuridic.com\/wp-content\/uploads\/2025\/12\/1763982689293-800x828.jpg 800w, https:\/\/instajuridic.com\/wp-content\/uploads\/2025\/12\/1763982689293-989x1024.jpg 989w, https:\/\/instajuridic.com\/wp-content\/uploads\/2025\/12\/1763982689293-1200x1242.jpg 1200w, https:\/\/instajuridic.com\/wp-content\/uploads\/2025\/12\/1763982689293.jpg 1484w\" sizes=\"(max-width: 200px) 100vw, 200px\" \/><\/a><\/li><\/ul><\/div><div class=\"recent-posts-content\"><span class=\"entry-title\" style=\"display: none;\">Defensa da tese doutoral \u201cPrevenci\u00f3n do tr\u00e1fico ilegal de residuos pl\u00e1sticos en Catalu\u00f1a: os programas de cumprimento como ferramenta para a prevenci\u00f3n e a responsabilidade penal das persoas xur\u00eddicas\u201d<\/span><span class=\"vcard\" style=\"display: none;\"><span class=\"fn\"><a href=\"https:\/\/instajuridic.com\/gl\/author\/admin\/\" title=\"Artigos de Insta\" rel=\"author\">Insta<\/a><\/span><\/span><span class=\"updated\" style=\"display:none;\">2025-12-15T08:10:00+00:00<\/span><p class=\"meta\"><span class=\"vcard\" style=\"display: none;\"><span class=\"fn\"><a href=\"https:\/\/instajuridic.com\/gl\/author\/admin\/\" title=\"Artigos de Insta\" rel=\"author\">Insta<\/a><\/span><\/span><span class=\"updated\" style=\"display:none;\">2025-12-15T08:10:00+00:00<\/span><span>Decembro 15th, 2025<\/span><span class=\"fusion-inline-sep\">|<\/span><\/p><p>O pasado venres 21 de novembro, Ivan Hortig\u00fcela, avogado do INSTA, defendeu con \u00e9xito a s\u00faa tese doutoral, titulada \"A prevenci\u00f3n do tr\u00e1fico ilegal de residuos pl\u00e1sticos en Catalu\u00f1a: os programas de cumprimento como ferramenta [...]<\/p><\/div><\/article><\/section><\/div><\/div><\/div><\/div><\/div><\/p>\n","protected":false},"excerpt":{"rendered":"","protected":false},"author":1,"featured_media":0,"parent":0,"menu_order":0,"comment_status":"open","ping_status":"open","template":"100-width.php","meta":{"_acf_changed":false,"footnotes":""},"class_list":["post-5366","page","type-page","status-publish","hentry"],"acf":[],"_links":{"self":[{"href":"https:\/\/instajuridic.com\/gl\/wp-json\/wp\/v2\/pages\/5366","targetHints":{"allow":["GET"]}}],"collection":[{"href":"https:\/\/instajuridic.com\/gl\/wp-json\/wp\/v2\/pages"}],"about":[{"href":"https:\/\/instajuridic.com\/gl\/wp-json\/wp\/v2\/types\/page"}],"author":[{"embeddable":true,"href":"https:\/\/instajuridic.com\/gl\/wp-json\/wp\/v2\/users\/1"}],"replies":[{"embeddable":true,"href":"https:\/\/instajuridic.com\/gl\/wp-json\/wp\/v2\/comments?post=5366"}],"version-history":[{"count":22,"href":"https:\/\/instajuridic.com\/gl\/wp-json\/wp\/v2\/pages\/5366\/revisions"}],"predecessor-version":[{"id":8462,"href":"https:\/\/instajuridic.com\/gl\/wp-json\/wp\/v2\/pages\/5366\/revisions\/8462"}],"wp:attachment":[{"href":"https:\/\/instajuridic.com\/gl\/wp-json\/wp\/v2\/media?parent=5366"}],"curies":[{"name":"wp","href":"https:\/\/api.w.org\/{rel}","templated":true}]}}